{"id":2149,"date":"2021-03-03T14:32:39","date_gmt":"2021-03-03T13:32:39","guid":{"rendered":"http:\/\/roundbaltic.eu.185-31-79-130.nmsrv02.dk\/nyheder-og-events\/events\/"},"modified":"2023-10-26T12:24:18","modified_gmt":"2023-10-26T10:24:18","slug":"events","status":"publish","type":"page","link":"https:\/\/roundbaltic.eu\/da\/nyheder-og-events\/events\/","title":{"rendered":"Events"},"content":{"rendered":"\t\t<div data-elementor-type=\"wp-page\" data-elementor-id=\"2149\" class=\"elementor elementor-2149 elementor-994\" data-elementor-post-type=\"page\">\n\t\t\t\t\t\t<section class=\"elementor-section elementor-top-section elementor-element elementor-element-bbe6f4f elementor-section-stretched elementor-section-boxed elementor-section-height-default elementor-section-height-default\" data-id=\"bbe6f4f\" data-element_type=\"section\" data-settings=\"{&quot;background_background&quot;:&quot;classic&quot;,&quot;stretch_section&quot;:&quot;section-stretched&quot;}\">\n\t\t\t\t\t\t\t<div class=\"elementor-background-overlay\"><\/div>\n\t\t\t\t\t\t\t<div class=\"elementor-container elementor-column-gap-default\">\n\t\t\t\t\t<div class=\"elementor-column elementor-col-100 elementor-top-column elementor-element elementor-element-794fb244\" data-id=\"794fb244\" data-element_type=\"column\">\n\t\t\t<div class=\"elementor-widget-wrap elementor-element-populated\">\n\t\t\t\t\t\t<div class=\"elementor-element elementor-element-692bd23 elementor-widget elementor-widget-heading\" data-id=\"692bd23\" data-element_type=\"widget\" data-widget_type=\"heading.default\">\n\t\t\t\t<div class=\"elementor-widget-container\">\n\t\t\t\t\t<h2 class=\"elementor-heading-title elementor-size-default\">Events<\/h2>\t\t\t\t<\/div>\n\t\t\t\t<\/div>\n\t\t\t\t\t<\/div>\n\t\t<\/div>\n\t\t\t\t\t<\/div>\n\t\t<\/section>\n\t\t\t\t<section class=\"elementor-section elementor-top-section elementor-element elementor-element-42bd3fd elementor-section-boxed elementor-section-height-default elementor-section-height-default\" data-id=\"42bd3fd\" data-element_type=\"section\">\n\t\t\t\t\t\t<div class=\"elementor-container elementor-column-gap-default\">\n\t\t\t\t\t<div class=\"elementor-column elementor-col-100 elementor-top-column elementor-element elementor-element-289c0ea\" data-id=\"289c0ea\" data-element_type=\"column\">\n\t\t\t<div class=\"elementor-widget-wrap elementor-element-populated\">\n\t\t\t\t\t\t<div class=\"elementor-element elementor-element-f2f8577 elementor-grid-1 elementor-posts--thumbnail-left newsPage elementor-grid-tablet-1 elementor-grid-mobile-1 elementor-widget elementor-widget-posts\" data-id=\"f2f8577\" data-element_type=\"widget\" data-settings=\"{&quot;classic_columns&quot;:&quot;1&quot;,&quot;pagination_type&quot;:&quot;numbers&quot;,&quot;classic_columns_tablet&quot;:&quot;1&quot;,&quot;classic_columns_mobile&quot;:&quot;1&quot;,&quot;classic_row_gap&quot;:{&quot;unit&quot;:&quot;px&quot;,&quot;size&quot;:35,&quot;sizes&quot;:[]},&quot;classic_row_gap_tablet&quot;:{&quot;unit&quot;:&quot;px&quot;,&quot;size&quot;:&quot;&quot;,&quot;sizes&quot;:[]},&quot;classic_row_gap_mobile&quot;:{&quot;unit&quot;:&quot;px&quot;,&quot;size&quot;:&quot;&quot;,&quot;sizes&quot;:[]}}\" data-widget_type=\"posts.classic\">\n\t\t\t\t<div class=\"elementor-widget-container\">\n\t\t\t\t\t\t\t<div class=\"elementor-posts-container elementor-posts elementor-posts--skin-classic elementor-grid\" role=\"list\">\n\t\t\t\t<article class=\"elementor-post elementor-grid-item post-12287 post type-post status-publish format-standard has-post-thumbnail hentry category-events-da category-events-dk category-news-da\" role=\"listitem\">\n\t\t\t\t<a class=\"elementor-post__thumbnail__link\" href=\"https:\/\/roundbaltic.eu\/da\/foerste-nationale-roundbaltic-roundtable-i-danmark\/\" tabindex=\"-1\" >\n\t\t\t<div class=\"elementor-post__thumbnail\"><img fetchpriority=\"high\" decoding=\"async\" width=\"768\" height=\"512\" src=\"https:\/\/roundbaltic.eu\/wp-content\/uploads\/2021\/04\/shutterstock_498301201-768x512.jpg\" class=\"attachment-medium_large size-medium_large wp-image-1825\" alt=\"\" srcset=\"https:\/\/roundbaltic.eu\/wp-content\/uploads\/2021\/04\/shutterstock_498301201-768x512.jpg 768w, https:\/\/roundbaltic.eu\/wp-content\/uploads\/2021\/04\/shutterstock_498301201-300x200.jpg 300w, https:\/\/roundbaltic.eu\/wp-content\/uploads\/2021\/04\/shutterstock_498301201-1024x683.jpg 1024w, https:\/\/roundbaltic.eu\/wp-content\/uploads\/2021\/04\/shutterstock_498301201-1536x1024.jpg 1536w, https:\/\/roundbaltic.eu\/wp-content\/uploads\/2021\/04\/shutterstock_498301201-2048x1366.jpg 2048w\" sizes=\"(max-width: 768px) 100vw, 768px\" \/><\/div>\n\t\t<\/a>\n\t\t\t\t<div class=\"elementor-post__text\">\n\t\t\t\t<h3 class=\"elementor-post__title\">\n\t\t\t<a href=\"https:\/\/roundbaltic.eu\/da\/foerste-nationale-roundbaltic-roundtable-i-danmark\/\" >\n\t\t\t\tF\u00f8rste nationale RoundBaltic Roundtable i Danmark\t\t\t<\/a>\n\t\t<\/h3>\n\t\t\t\t<div class=\"elementor-post__excerpt\">\n\t\t\t<p>RoundBaltic projektet afholdte sit f\u00f8rste roundtable i Danmark, den 17 &#8211; 18 marts 2021. Form\u00e5let med det nationale roundtable var at samle n\u00f8gleakt\u00f8rer til en dialog omkring finansiering af energieffektivitet i bygninger og erhverv i Danmark, med henblik p\u00e5 at diskutere rammer for indsatsen og mulige konkrete tiltag. <\/p>\n\t\t<\/div>\n\t\t\n\t\t<a class=\"elementor-post__read-more\" href=\"https:\/\/roundbaltic.eu\/da\/foerste-nationale-roundbaltic-roundtable-i-danmark\/\" aria-label=\"Read more about F\u00f8rste nationale RoundBaltic Roundtable i Danmark\" tabindex=\"-1\" >\n\t\t\tL\u00e6s mere \u00bb\t\t<\/a>\n\n\t\t\t\t<\/div>\n\t\t\t\t<\/article>\n\t\t\t\t<article class=\"elementor-post elementor-grid-item post-12825 post type-post status-publish format-standard has-post-thumbnail hentry category-events-dk\" role=\"listitem\">\n\t\t\t\t<a class=\"elementor-post__thumbnail__link\" href=\"https:\/\/roundbaltic.eu\/da\/regionalt-roundtable-i-region-syd-om-private-boliger\/\" tabindex=\"-1\" >\n\t\t\t<div class=\"elementor-post__thumbnail\"><img decoding=\"async\" width=\"768\" height=\"504\" src=\"https:\/\/roundbaltic.eu\/wp-content\/uploads\/2023\/07\/shutterstock_789217168-reduced-768x504.jpg\" class=\"attachment-medium_large size-medium_large wp-image-12873\" alt=\"\" srcset=\"https:\/\/roundbaltic.eu\/wp-content\/uploads\/2023\/07\/shutterstock_789217168-reduced-768x504.jpg 768w, https:\/\/roundbaltic.eu\/wp-content\/uploads\/2023\/07\/shutterstock_789217168-reduced-300x197.jpg 300w, https:\/\/roundbaltic.eu\/wp-content\/uploads\/2023\/07\/shutterstock_789217168-reduced-1024x671.jpg 1024w, https:\/\/roundbaltic.eu\/wp-content\/uploads\/2023\/07\/shutterstock_789217168-reduced-1536x1007.jpg 1536w, https:\/\/roundbaltic.eu\/wp-content\/uploads\/2023\/07\/shutterstock_789217168-reduced-2048x1343.jpg 2048w\" sizes=\"(max-width: 768px) 100vw, 768px\" \/><\/div>\n\t\t<\/a>\n\t\t\t\t<div class=\"elementor-post__text\">\n\t\t\t\t<h3 class=\"elementor-post__title\">\n\t\t\t<a href=\"https:\/\/roundbaltic.eu\/da\/regionalt-roundtable-i-region-syd-om-private-boliger\/\" >\n\t\t\t\tRegionalt Roundtable i Region Syd om private boliger\t\t\t<\/a>\n\t\t<\/h3>\n\t\t\t\t<div class=\"elementor-post__excerpt\">\n\t\t\t<p><b>21 august 2023 <\/b><br \/>\nForm\u00e5let med det regionale roundtable var at samle n\u00f8gleakt\u00f8rer til en dialog omkring samspil med den finansielle sektor omkring finansiering af energieffektivitet i private boliger i regionen<\/p>\n\t\t<\/div>\n\t\t\n\t\t<a class=\"elementor-post__read-more\" href=\"https:\/\/roundbaltic.eu\/da\/regionalt-roundtable-i-region-syd-om-private-boliger\/\" aria-label=\"Read more about Regionalt Roundtable i Region Syd om private boliger\" tabindex=\"-1\" >\n\t\t\tL\u00e6s mere \u00bb\t\t<\/a>\n\n\t\t\t\t<\/div>\n\t\t\t\t<\/article>\n\t\t\t\t<article class=\"elementor-post elementor-grid-item post-14415 post type-post status-publish format-standard has-post-thumbnail hentry category-events-da category-events-dk\" role=\"listitem\">\n\t\t\t\t<a class=\"elementor-post__thumbnail__link\" href=\"https:\/\/roundbaltic.eu\/da\/regionalt-roundtable-i-region-syd-om-almene-boliger\/\" tabindex=\"-1\" >\n\t\t\t<div class=\"elementor-post__thumbnail\"><img decoding=\"async\" width=\"768\" height=\"512\" src=\"https:\/\/roundbaltic.eu\/wp-content\/uploads\/2023\/07\/shutterstock_1834925161-768x512.jpg\" class=\"attachment-medium_large size-medium_large wp-image-14562\" alt=\"\" srcset=\"https:\/\/roundbaltic.eu\/wp-content\/uploads\/2023\/07\/shutterstock_1834925161-768x512.jpg 768w, https:\/\/roundbaltic.eu\/wp-content\/uploads\/2023\/07\/shutterstock_1834925161-300x200.jpg 300w, https:\/\/roundbaltic.eu\/wp-content\/uploads\/2023\/07\/shutterstock_1834925161-1024x683.jpg 1024w, https:\/\/roundbaltic.eu\/wp-content\/uploads\/2023\/07\/shutterstock_1834925161-1536x1024.jpg 1536w, https:\/\/roundbaltic.eu\/wp-content\/uploads\/2023\/07\/shutterstock_1834925161-2048x1365.jpg 2048w\" sizes=\"(max-width: 768px) 100vw, 768px\" \/><\/div>\n\t\t<\/a>\n\t\t\t\t<div class=\"elementor-post__text\">\n\t\t\t\t<h3 class=\"elementor-post__title\">\n\t\t\t<a href=\"https:\/\/roundbaltic.eu\/da\/regionalt-roundtable-i-region-syd-om-almene-boliger\/\" >\n\t\t\t\tRegionalt Roundtable i Region Syd om Almene Boliger\t\t\t<\/a>\n\t\t<\/h3>\n\t\t\t\t<div class=\"elementor-post__excerpt\">\n\t\t\t<p><b>11 juni 2023, Vejle<\/b><br \/>\nForm\u00e5let med det regionale roundtable vat at samle n\u00f8gleakt\u00f8rer til en dialog omkring finansiering af energieffektivitet i Almene Boliger i regionen<\/p>\n\t\t<\/div>\n\t\t\n\t\t<a class=\"elementor-post__read-more\" href=\"https:\/\/roundbaltic.eu\/da\/regionalt-roundtable-i-region-syd-om-almene-boliger\/\" aria-label=\"Read more about Regionalt Roundtable i Region Syd om Almene Boliger\" tabindex=\"-1\" >\n\t\t\tL\u00e6s mere \u00bb\t\t<\/a>\n\n\t\t\t\t<\/div>\n\t\t\t\t<\/article>\n\t\t\t\t<article class=\"elementor-post elementor-grid-item post-12290 post type-post status-publish format-standard has-post-thumbnail hentry category-events-da category-events-dk\" role=\"listitem\">\n\t\t\t\t<a class=\"elementor-post__thumbnail__link\" href=\"https:\/\/roundbaltic.eu\/da\/tredje-nationale-roundbaltic-roundtable-i-danmark\/\" tabindex=\"-1\" >\n\t\t\t<div class=\"elementor-post__thumbnail\"><img loading=\"lazy\" decoding=\"async\" width=\"768\" height=\"576\" src=\"https:\/\/roundbaltic.eu\/wp-content\/uploads\/2023\/09\/IMG_0015-768x576.jpeg\" class=\"attachment-medium_large size-medium_large wp-image-13918\" alt=\"\" srcset=\"https:\/\/roundbaltic.eu\/wp-content\/uploads\/2023\/09\/IMG_0015-768x576.jpeg 768w, https:\/\/roundbaltic.eu\/wp-content\/uploads\/2023\/09\/IMG_0015-300x225.jpeg 300w, https:\/\/roundbaltic.eu\/wp-content\/uploads\/2023\/09\/IMG_0015-1024x768.jpeg 1024w, https:\/\/roundbaltic.eu\/wp-content\/uploads\/2023\/09\/IMG_0015-1536x1152.jpeg 1536w, https:\/\/roundbaltic.eu\/wp-content\/uploads\/2023\/09\/IMG_0015.jpeg 2048w\" sizes=\"(max-width: 768px) 100vw, 768px\" \/><\/div>\n\t\t<\/a>\n\t\t\t\t<div class=\"elementor-post__text\">\n\t\t\t\t<h3 class=\"elementor-post__title\">\n\t\t\t<a href=\"https:\/\/roundbaltic.eu\/da\/tredje-nationale-roundbaltic-roundtable-i-danmark\/\" >\n\t\t\t\tTredje nationale RoundBaltic Roundtable i Danmark\t\t\t<\/a>\n\t\t<\/h3>\n\t\t\t\t<div class=\"elementor-post__excerpt\">\n\t\t\t<p><b>22 maj 2023 <\/b><br \/>\nRoundBaltic projektet afholdTe sit tredje nationale roundtable i Danmark, den 22 maj 2023. Form\u00e5let med det nationale roundtable var at samle n\u00f8gleakt\u00f8rer til en dialog omkring finansiering af energirenoveringer i boliger og erhverv, med henblik p\u00e5 at diskutere rammer for indsatsen og mulige konkrete tiltag. <\/p>\n\t\t<\/div>\n\t\t\n\t\t<a class=\"elementor-post__read-more\" href=\"https:\/\/roundbaltic.eu\/da\/tredje-nationale-roundbaltic-roundtable-i-danmark\/\" aria-label=\"Read more about Tredje nationale RoundBaltic Roundtable i Danmark\" tabindex=\"-1\" >\n\t\t\tL\u00e6s mere \u00bb\t\t<\/a>\n\n\t\t\t\t<\/div>\n\t\t\t\t<\/article>\n\t\t\t\t<article class=\"elementor-post elementor-grid-item post-14531 post type-post status-publish format-standard has-post-thumbnail hentry category-events-da category-events-dk\" role=\"listitem\">\n\t\t\t\t<a class=\"elementor-post__thumbnail__link\" href=\"https:\/\/roundbaltic.eu\/da\/andet-regionale-roundtable-oest-danmark-almene-boliger\/\" tabindex=\"-1\" >\n\t\t\t<div class=\"elementor-post__thumbnail\"><img loading=\"lazy\" decoding=\"async\" width=\"768\" height=\"512\" src=\"https:\/\/roundbaltic.eu\/wp-content\/uploads\/2022\/05\/shutterstock_794195980-768x512.jpg\" class=\"attachment-medium_large size-medium_large wp-image-10364\" alt=\"\" srcset=\"https:\/\/roundbaltic.eu\/wp-content\/uploads\/2022\/05\/shutterstock_794195980-768x512.jpg 768w, https:\/\/roundbaltic.eu\/wp-content\/uploads\/2022\/05\/shutterstock_794195980-300x200.jpg 300w, https:\/\/roundbaltic.eu\/wp-content\/uploads\/2022\/05\/shutterstock_794195980-1024x683.jpg 1024w, https:\/\/roundbaltic.eu\/wp-content\/uploads\/2022\/05\/shutterstock_794195980-1536x1024.jpg 1536w, https:\/\/roundbaltic.eu\/wp-content\/uploads\/2022\/05\/shutterstock_794195980-2048x1365.jpg 2048w\" sizes=\"(max-width: 768px) 100vw, 768px\" \/><\/div>\n\t\t<\/a>\n\t\t\t\t<div class=\"elementor-post__text\">\n\t\t\t\t<h3 class=\"elementor-post__title\">\n\t\t\t<a href=\"https:\/\/roundbaltic.eu\/da\/andet-regionale-roundtable-oest-danmark-almene-boliger\/\" >\n\t\t\t\tAndet Regionale Roundtable \u00d8st Danmark &#8211; Almene Boliger\t\t\t<\/a>\n\t\t<\/h3>\n\t\t\t\t<div class=\"elementor-post__excerpt\">\n\t\t\t<p><B>1 juni 2023 <\/B><br \/>\nForm\u00e5let med det regionale roundtable er at samle n\u00f8gleakt\u00f8rer til en dialog omkring finansiering af energieffektivitet i Almene Boliger i regionen<\/p>\n\t\t<\/div>\n\t\t\n\t\t<a class=\"elementor-post__read-more\" href=\"https:\/\/roundbaltic.eu\/da\/andet-regionale-roundtable-oest-danmark-almene-boliger\/\" aria-label=\"Read more about Andet Regionale Roundtable \u00d8st Danmark &#8211; Almene Boliger\" tabindex=\"-1\" >\n\t\t\tL\u00e6s mere \u00bb\t\t<\/a>\n\n\t\t\t\t<\/div>\n\t\t\t\t<\/article>\n\t\t\t\t<article class=\"elementor-post elementor-grid-item post-14500 post type-post status-publish format-standard has-post-thumbnail hentry category-events-da category-events-dk\" role=\"listitem\">\n\t\t\t\t<a class=\"elementor-post__thumbnail__link\" href=\"https:\/\/roundbaltic.eu\/da\/andet-regionale-roundtable-oest-danmark-private-boliger\/\" tabindex=\"-1\" >\n\t\t\t<div class=\"elementor-post__thumbnail\"><img loading=\"lazy\" decoding=\"async\" width=\"768\" height=\"512\" src=\"https:\/\/roundbaltic.eu\/wp-content\/uploads\/2022\/11\/shutterstock_2292269913-768x512.jpg\" class=\"attachment-medium_large size-medium_large wp-image-14507\" alt=\"\" srcset=\"https:\/\/roundbaltic.eu\/wp-content\/uploads\/2022\/11\/shutterstock_2292269913-768x512.jpg 768w, https:\/\/roundbaltic.eu\/wp-content\/uploads\/2022\/11\/shutterstock_2292269913-300x200.jpg 300w, https:\/\/roundbaltic.eu\/wp-content\/uploads\/2022\/11\/shutterstock_2292269913-1024x683.jpg 1024w, https:\/\/roundbaltic.eu\/wp-content\/uploads\/2022\/11\/shutterstock_2292269913-1536x1024.jpg 1536w, https:\/\/roundbaltic.eu\/wp-content\/uploads\/2022\/11\/shutterstock_2292269913-2048x1365.jpg 2048w\" sizes=\"(max-width: 768px) 100vw, 768px\" \/><\/div>\n\t\t<\/a>\n\t\t\t\t<div class=\"elementor-post__text\">\n\t\t\t\t<h3 class=\"elementor-post__title\">\n\t\t\t<a href=\"https:\/\/roundbaltic.eu\/da\/andet-regionale-roundtable-oest-danmark-private-boliger\/\" >\n\t\t\t\tAndet Regionale Roundtable \u00d8st Danmark &#8211; Private Boliger\t\t\t<\/a>\n\t\t<\/h3>\n\t\t\t\t<div class=\"elementor-post__excerpt\">\n\t\t\t<p><B> 25 maj 2023 <\/B><br \/>\nForm\u00e5let med det regionale roundtable er at samle n\u00f8gleakt\u00f8rer til en dialog omkring finansiering af energieffektivitet i private boliger i regionen<\/p>\n\t\t<\/div>\n\t\t\n\t\t<a class=\"elementor-post__read-more\" href=\"https:\/\/roundbaltic.eu\/da\/andet-regionale-roundtable-oest-danmark-private-boliger\/\" aria-label=\"Read more about Andet Regionale Roundtable \u00d8st Danmark &#8211; Private Boliger\" tabindex=\"-1\" >\n\t\t\tL\u00e6s mere \u00bb\t\t<\/a>\n\n\t\t\t\t<\/div>\n\t\t\t\t<\/article>\n\t\t\t\t<\/div>\n\t\t\n\t\t\t\t<div class=\"e-load-more-anchor\" data-page=\"1\" data-max-page=\"3\" data-next-page=\"https:\/\/roundbaltic.eu\/da\/wp-json\/wp\/v2\/pages\/2149\/page\/2\/\"><\/div>\n\t\t\t\t<nav class=\"elementor-pagination\" aria-label=\"Sidetal\">\n\t\t\t<span aria-current=\"page\" class=\"page-numbers current\"><span class=\"elementor-screen-only\">Side<\/span>1<\/span>\n<a class=\"page-numbers\" href=\"https:\/\/roundbaltic.eu\/da\/wp-json\/wp\/v2\/pages\/2149\/page\/2\/\"><span class=\"elementor-screen-only\">Side<\/span>2<\/a>\n<a class=\"page-numbers\" href=\"https:\/\/roundbaltic.eu\/da\/wp-json\/wp\/v2\/pages\/2149\/page\/3\/\"><span class=\"elementor-screen-only\">Side<\/span>3<\/a>\t\t<\/nav>\n\t\t\t\t\t\t<\/div>\n\t\t\t\t<\/div>\n\t\t\t\t\t<\/div>\n\t\t<\/div>\n\t\t\t\t\t<\/div>\n\t\t<\/section>\n\t\t\t\t<\/div>\n\t\t","protected":false},"excerpt":{"rendered":"<p>Events<\/p>\n","protected":false},"author":1,"featured_media":0,"parent":2135,"menu_order":0,"comment_status":"closed","ping_status":"closed","template":"","meta":{"inline_featured_image":false,"footnotes":""},"class_list":["post-2149","page","type-page","status-publish","hentry"],"_links":{"self":[{"href":"https:\/\/roundbaltic.eu\/da\/wp-json\/wp\/v2\/pages\/2149","targetHints":{"allow":["GET"]}}],"collection":[{"href":"https:\/\/roundbaltic.eu\/da\/wp-json\/wp\/v2\/pages"}],"about":[{"href":"https:\/\/roundbaltic.eu\/da\/wp-json\/wp\/v2\/types\/page"}],"author":[{"embeddable":true,"href":"https:\/\/roundbaltic.eu\/da\/wp-json\/wp\/v2\/users\/1"}],"replies":[{"embeddable":true,"href":"https:\/\/roundbaltic.eu\/da\/wp-json\/wp\/v2\/comments?post=2149"}],"version-history":[{"count":34,"href":"https:\/\/roundbaltic.eu\/da\/wp-json\/wp\/v2\/pages\/2149\/revisions"}],"predecessor-version":[{"id":14576,"href":"https:\/\/roundbaltic.eu\/da\/wp-json\/wp\/v2\/pages\/2149\/revisions\/14576"}],"up":[{"embeddable":true,"href":"https:\/\/roundbaltic.eu\/da\/wp-json\/wp\/v2\/pages\/2135"}],"wp:attachment":[{"href":"https:\/\/roundbaltic.eu\/da\/wp-json\/wp\/v2\/media?parent=2149"}],"curies":[{"name":"wp","href":"https:\/\/api.w.org\/{rel}","templated":true}]}}