{"id":9606,"date":"2022-09-28T14:52:46","date_gmt":"2022-09-28T12:52:46","guid":{"rendered":"https:\/\/roundbaltic.eu\/?page_id=9606"},"modified":"2024-03-26T14:42:11","modified_gmt":"2024-03-26T13:42:11","slug":"pasakumi","status":"publish","type":"page","link":"https:\/\/roundbaltic.eu\/lv\/jaunumi-un-pasakumi\/pasakumi\/","title":{"rendered":"Pas\u0101kumi"},"content":{"rendered":"\t\t<div data-elementor-type=\"wp-page\" data-elementor-id=\"9606\" class=\"elementor elementor-9606 elementor-9604\" data-elementor-post-type=\"page\">\n\t\t\t\t\t\t<section class=\"elementor-section elementor-top-section elementor-element elementor-element-bbe6f4f elementor-section-stretched elementor-section-boxed elementor-section-height-default elementor-section-height-default\" data-id=\"bbe6f4f\" data-element_type=\"section\" data-settings=\"{&quot;background_background&quot;:&quot;classic&quot;,&quot;stretch_section&quot;:&quot;section-stretched&quot;}\">\n\t\t\t\t\t\t\t<div class=\"elementor-background-overlay\"><\/div>\n\t\t\t\t\t\t\t<div class=\"elementor-container elementor-column-gap-default\">\n\t\t\t\t\t<div class=\"elementor-column elementor-col-100 elementor-top-column elementor-element elementor-element-794fb244\" data-id=\"794fb244\" data-element_type=\"column\">\n\t\t\t<div class=\"elementor-widget-wrap\">\n\t\t\t\t\t\t\t<\/div>\n\t\t<\/div>\n\t\t\t\t\t<\/div>\n\t\t<\/section>\n\t\t\t\t<section class=\"elementor-section elementor-top-section elementor-element elementor-element-42bd3fd elementor-section-boxed elementor-section-height-default elementor-section-height-default\" data-id=\"42bd3fd\" data-element_type=\"section\">\n\t\t\t\t\t\t<div class=\"elementor-container elementor-column-gap-default\">\n\t\t\t\t\t<div class=\"elementor-column elementor-col-100 elementor-top-column elementor-element elementor-element-289c0ea\" data-id=\"289c0ea\" data-element_type=\"column\">\n\t\t\t<div class=\"elementor-widget-wrap elementor-element-populated\">\n\t\t\t\t\t\t<div class=\"elementor-element elementor-element-f2f8577 elementor-grid-1 elementor-posts--thumbnail-left newsPage elementor-grid-tablet-1 elementor-grid-mobile-1 elementor-widget elementor-widget-posts\" data-id=\"f2f8577\" data-element_type=\"widget\" data-settings=\"{&quot;classic_columns&quot;:&quot;1&quot;,&quot;pagination_type&quot;:&quot;numbers&quot;,&quot;classic_columns_tablet&quot;:&quot;1&quot;,&quot;classic_columns_mobile&quot;:&quot;1&quot;,&quot;classic_row_gap&quot;:{&quot;unit&quot;:&quot;px&quot;,&quot;size&quot;:35,&quot;sizes&quot;:[]},&quot;classic_row_gap_tablet&quot;:{&quot;unit&quot;:&quot;px&quot;,&quot;size&quot;:&quot;&quot;,&quot;sizes&quot;:[]},&quot;classic_row_gap_mobile&quot;:{&quot;unit&quot;:&quot;px&quot;,&quot;size&quot;:&quot;&quot;,&quot;sizes&quot;:[]}}\" data-widget_type=\"posts.classic\">\n\t\t\t\t<div class=\"elementor-widget-container\">\n\t\t\t\t\t\t\t<div class=\"elementor-posts-container elementor-posts elementor-posts--skin-classic elementor-grid\" role=\"list\">\n\t\t\t\t<article class=\"elementor-post elementor-grid-item post-13575 post type-post status-publish format-standard has-post-thumbnail hentry category-events-lv-4 category-events-lv-lv\" role=\"listitem\">\n\t\t\t\t<a class=\"elementor-post__thumbnail__link\" href=\"https:\/\/roundbaltic.eu\/lv\/first-national-roundtable-in-latvia\/\" tabindex=\"-1\" >\n\t\t\t<div class=\"elementor-post__thumbnail\"><img fetchpriority=\"high\" decoding=\"async\" width=\"768\" height=\"513\" src=\"https:\/\/roundbaltic.eu\/wp-content\/uploads\/2021\/05\/iStock-628613086-scaled-e1620052650851-1-768x513.jpg\" class=\"attachment-medium_large size-medium_large wp-image-4034\" alt=\"\" srcset=\"https:\/\/roundbaltic.eu\/wp-content\/uploads\/2021\/05\/iStock-628613086-scaled-e1620052650851-1-768x513.jpg 768w, https:\/\/roundbaltic.eu\/wp-content\/uploads\/2021\/05\/iStock-628613086-scaled-e1620052650851-1-300x200.jpg 300w, https:\/\/roundbaltic.eu\/wp-content\/uploads\/2021\/05\/iStock-628613086-scaled-e1620052650851-1-1024x684.jpg 1024w, https:\/\/roundbaltic.eu\/wp-content\/uploads\/2021\/05\/iStock-628613086-scaled-e1620052650851-1-1536x1025.jpg 1536w, https:\/\/roundbaltic.eu\/wp-content\/uploads\/2021\/05\/iStock-628613086-scaled-e1620052650851-1.jpg 2048w\" sizes=\"(max-width: 768px) 100vw, 768px\" \/><\/div>\n\t\t<\/a>\n\t\t\t\t<div class=\"elementor-post__text\">\n\t\t\t\t<h3 class=\"elementor-post__title\">\n\t\t\t<a href=\"https:\/\/roundbaltic.eu\/lv\/first-national-roundtable-in-latvia\/\" >\n\t\t\t\tPirmais Nacion\u0101lais apa\u013cais galds Latvij\u0101\t\t\t<\/a>\n\t\t<\/h3>\n\t\t\t\t<div class=\"elementor-post__excerpt\">\n\t\t\t<p><b>2021. gada 6. &#8211; 7. maijs <\/b> <BR> Pas\u0101kumu organiz\u0113ja RoundBaltic projekta partneris &#8220;Latvijas Vides invest\u012bciju fonds&#8221; sadarb\u012bb\u0101 ar Vides aizsardz\u012bbas un re\u0123ion\u0101l\u0101s att\u012bst\u012bbas ministriju, Ekonomikas ministriju un Finan\u0161u asoci\u0101ciju Latvij\u0101.<\/p>\n\t\t<\/div>\n\t\t\n\t\t<a class=\"elementor-post__read-more\" href=\"https:\/\/roundbaltic.eu\/lv\/first-national-roundtable-in-latvia\/\" aria-label=\"Read more about Pirmais Nacion\u0101lais apa\u013cais galds Latvij\u0101\" tabindex=\"-1\" >\n\t\t\tLas\u012bt vair\u0101k \u00bb\t\t<\/a>\n\n\t\t\t\t<\/div>\n\t\t\t\t<\/article>\n\t\t\t\t<article class=\"elementor-post elementor-grid-item post-13578 post type-post status-publish format-standard has-post-thumbnail hentry category-events-lv-4 category-events-lv-lv\" role=\"listitem\">\n\t\t\t\t<a class=\"elementor-post__thumbnail__link\" href=\"https:\/\/roundbaltic.eu\/lv\/second-national-roundtable-in-latvia\/\" tabindex=\"-1\" >\n\t\t\t<div class=\"elementor-post__thumbnail\"><img decoding=\"async\" width=\"768\" height=\"659\" src=\"https:\/\/roundbaltic.eu\/wp-content\/uploads\/2022\/05\/shutterstock_187465343-768x659.jpg\" class=\"attachment-medium_large size-medium_large wp-image-9333\" alt=\"\" srcset=\"https:\/\/roundbaltic.eu\/wp-content\/uploads\/2022\/05\/shutterstock_187465343-768x659.jpg 768w, https:\/\/roundbaltic.eu\/wp-content\/uploads\/2022\/05\/shutterstock_187465343-300x257.jpg 300w, https:\/\/roundbaltic.eu\/wp-content\/uploads\/2022\/05\/shutterstock_187465343.jpg 1000w\" sizes=\"(max-width: 768px) 100vw, 768px\" \/><\/div>\n\t\t<\/a>\n\t\t\t\t<div class=\"elementor-post__text\">\n\t\t\t\t<h3 class=\"elementor-post__title\">\n\t\t\t<a href=\"https:\/\/roundbaltic.eu\/lv\/second-national-roundtable-in-latvia\/\" >\n\t\t\t\tOtrais Nacion\u0101lais apa\u013cais galds Latvij\u0101\t\t\t<\/a>\n\t\t<\/h3>\n\t\t\t\t<div class=\"elementor-post__excerpt\">\n\t\t\t<p><b> 2022. gada 25. maijs, R\u012bga <\/b> <BR> Nacion\u0101l\u0101 apa\u013c\u0101 galda diskusija bija v\u0113rsta uz diskusiju un ieteikumu snieg\u0161anu ilgtsp\u0113j\u012bga energoefektivit\u0101tes finans\u0113\u0161anas ietvara izveidei Latvij\u0101. Pas\u0101kumu organiz\u0113ja Latvijas Vides invest\u012bciju fonds sadarb\u012bb\u0101 ar Ekonomikas ministriju un biedr\u012bbu &#8220;Finance Latvia&#8221;.<\/p>\n\t\t<\/div>\n\t\t\n\t\t<a class=\"elementor-post__read-more\" href=\"https:\/\/roundbaltic.eu\/lv\/second-national-roundtable-in-latvia\/\" aria-label=\"Read more about Otrais Nacion\u0101lais apa\u013cais galds Latvij\u0101\" tabindex=\"-1\" >\n\t\t\tLas\u012bt vair\u0101k \u00bb\t\t<\/a>\n\n\t\t\t\t<\/div>\n\t\t\t\t<\/article>\n\t\t\t\t<article class=\"elementor-post elementor-grid-item post-13571 post type-post status-publish format-standard has-post-thumbnail hentry category-events-lv-4 category-events-lv-lv\" role=\"listitem\">\n\t\t\t\t<a class=\"elementor-post__thumbnail__link\" href=\"https:\/\/roundbaltic.eu\/lv\/second-roundtable-in-kurzeme-planning-region-latvia\/\" tabindex=\"-1\" >\n\t\t\t<div class=\"elementor-post__thumbnail\"><img decoding=\"async\" width=\"768\" height=\"583\" src=\"https:\/\/roundbaltic.eu\/wp-content\/uploads\/2023\/01\/shutterstock_119464222-2-768x583.jpg\" class=\"attachment-medium_large size-medium_large wp-image-11693\" alt=\"\" srcset=\"https:\/\/roundbaltic.eu\/wp-content\/uploads\/2023\/01\/shutterstock_119464222-2-768x583.jpg 768w, https:\/\/roundbaltic.eu\/wp-content\/uploads\/2023\/01\/shutterstock_119464222-2-300x228.jpg 300w, https:\/\/roundbaltic.eu\/wp-content\/uploads\/2023\/01\/shutterstock_119464222-2-1024x777.jpg 1024w, https:\/\/roundbaltic.eu\/wp-content\/uploads\/2023\/01\/shutterstock_119464222-2-1536x1166.jpg 1536w, https:\/\/roundbaltic.eu\/wp-content\/uploads\/2023\/01\/shutterstock_119464222-2-2048x1554.jpg 2048w\" sizes=\"(max-width: 768px) 100vw, 768px\" \/><\/div>\n\t\t<\/a>\n\t\t\t\t<div class=\"elementor-post__text\">\n\t\t\t\t<h3 class=\"elementor-post__title\">\n\t\t\t<a href=\"https:\/\/roundbaltic.eu\/lv\/second-roundtable-in-kurzeme-planning-region-latvia\/\" >\n\t\t\t\tOtrais apa\u013cais galds Kurzemes pl\u0101no\u0161anas re\u0123ion\u0101 &#8211; Latvija\t\t\t<\/a>\n\t\t<\/h3>\n\t\t\t\t<div class=\"elementor-post__excerpt\">\n\t\t\t<p><b>2023. gada 12. janv\u0101ris &#8211; Online <\/b><br \/>\n2023. gada 12. janv\u0101r\u012b Latvijas Vides invest\u012bciju fonds sadarb\u012bb\u0101 ar viet\u0113jiem partneriem r\u012bkoja tre\u0161o re\u0123ion\u0101lo apa\u013c\u0101 galda diskusiju par priv\u0101t\u0101 finans\u0113juma piesaisti energoefektivit\u0101tei &#8211; un t\u0113ma &#8220;Pa\u0161vald\u012bba k\u0101 galvenais katalizators energoefektivit\u0101tes pas\u0101kumu \u012bsteno\u0161anai&#8221;.<\/p>\n\t\t<\/div>\n\t\t\n\t\t<a class=\"elementor-post__read-more\" href=\"https:\/\/roundbaltic.eu\/lv\/second-roundtable-in-kurzeme-planning-region-latvia\/\" aria-label=\"Read more about Otrais apa\u013cais galds Kurzemes pl\u0101no\u0161anas re\u0123ion\u0101 &#8211; Latvija\" tabindex=\"-1\" >\n\t\t\tLas\u012bt vair\u0101k \u00bb\t\t<\/a>\n\n\t\t\t\t<\/div>\n\t\t\t\t<\/article>\n\t\t\t\t<article class=\"elementor-post elementor-grid-item post-13565 post type-post status-publish format-standard has-post-thumbnail hentry category-events-lv-4 category-events-lv-lv\" role=\"listitem\">\n\t\t\t\t<a class=\"elementor-post__thumbnail__link\" href=\"https:\/\/roundbaltic.eu\/lv\/third-national-roundtable-in-latvia\/\" tabindex=\"-1\" >\n\t\t\t<div class=\"elementor-post__thumbnail\"><img loading=\"lazy\" decoding=\"async\" width=\"768\" height=\"504\" src=\"https:\/\/roundbaltic.eu\/wp-content\/uploads\/2023\/07\/shutterstock_321505376-768x504.jpg\" class=\"attachment-medium_large size-medium_large wp-image-13035\" alt=\"\" srcset=\"https:\/\/roundbaltic.eu\/wp-content\/uploads\/2023\/07\/shutterstock_321505376-768x504.jpg 768w, https:\/\/roundbaltic.eu\/wp-content\/uploads\/2023\/07\/shutterstock_321505376-300x197.jpg 300w, https:\/\/roundbaltic.eu\/wp-content\/uploads\/2023\/07\/shutterstock_321505376-1024x672.jpg 1024w, https:\/\/roundbaltic.eu\/wp-content\/uploads\/2023\/07\/shutterstock_321505376-1536x1009.jpg 1536w, https:\/\/roundbaltic.eu\/wp-content\/uploads\/2023\/07\/shutterstock_321505376-2048x1345.jpg 2048w\" sizes=\"(max-width: 768px) 100vw, 768px\" \/><\/div>\n\t\t<\/a>\n\t\t\t\t<div class=\"elementor-post__text\">\n\t\t\t\t<h3 class=\"elementor-post__title\">\n\t\t\t<a href=\"https:\/\/roundbaltic.eu\/lv\/third-national-roundtable-in-latvia\/\" >\n\t\t\t\tTre\u0161ais Nacion\u0101lais apa\u013cais galds Latvij\u0101\t\t\t<\/a>\n\t\t<\/h3>\n\t\t\t\t<div class=\"elementor-post__excerpt\">\n\t\t\t<p><b>2023. gada 1. j\u016bnijs, R\u012bga <\/b> <BR> Nacion\u0101l\u0101 apa\u013c\u0101 galda diskusija bija velt\u012bta ilgtsp\u0113j\u012bgas energoefektivit\u0101tes finans\u0113\u0161anas sist\u0113mas izstr\u0101dei un ievie\u0161anai Latvij\u0101. Pas\u0101kumu organiz\u0113ja Latvijas Vides invest\u012bciju fonds sadarb\u012bb\u0101 ar Ekonomikas ministriju un biedr\u012bbu &#8220;Finance Latvia&#8221; projekta RoundBaltic ietvaros.<\/p>\n\t\t<\/div>\n\t\t\n\t\t<a class=\"elementor-post__read-more\" href=\"https:\/\/roundbaltic.eu\/lv\/third-national-roundtable-in-latvia\/\" aria-label=\"Read more about Tre\u0161ais Nacion\u0101lais apa\u013cais galds Latvij\u0101\" tabindex=\"-1\" >\n\t\t\tLas\u012bt vair\u0101k \u00bb\t\t<\/a>\n\n\t\t\t\t<\/div>\n\t\t\t\t<\/article>\n\t\t\t\t<article class=\"elementor-post elementor-grid-item post-13569 post type-post status-publish format-standard has-post-thumbnail hentry category-events-lv-4 category-events-lv-lv\" role=\"listitem\">\n\t\t\t\t<a class=\"elementor-post__thumbnail__link\" href=\"https:\/\/roundbaltic.eu\/lv\/second-roundtable-in-vidzemes-planning-region-latvia\/\" tabindex=\"-1\" >\n\t\t\t<div class=\"elementor-post__thumbnail\"><img loading=\"lazy\" decoding=\"async\" width=\"768\" height=\"432\" src=\"https:\/\/roundbaltic.eu\/wp-content\/uploads\/2023\/03\/shutterstock_1195502563-red-768x432.jpg\" class=\"attachment-medium_large size-medium_large wp-image-12151\" alt=\"\" srcset=\"https:\/\/roundbaltic.eu\/wp-content\/uploads\/2023\/03\/shutterstock_1195502563-red-768x432.jpg 768w, https:\/\/roundbaltic.eu\/wp-content\/uploads\/2023\/03\/shutterstock_1195502563-red-300x169.jpg 300w, https:\/\/roundbaltic.eu\/wp-content\/uploads\/2023\/03\/shutterstock_1195502563-red-1024x576.jpg 1024w, https:\/\/roundbaltic.eu\/wp-content\/uploads\/2023\/03\/shutterstock_1195502563-red-1536x865.jpg 1536w, https:\/\/roundbaltic.eu\/wp-content\/uploads\/2023\/03\/shutterstock_1195502563-red-2048x1153.jpg 2048w\" sizes=\"(max-width: 768px) 100vw, 768px\" \/><\/div>\n\t\t<\/a>\n\t\t\t\t<div class=\"elementor-post__text\">\n\t\t\t\t<h3 class=\"elementor-post__title\">\n\t\t\t<a href=\"https:\/\/roundbaltic.eu\/lv\/second-roundtable-in-vidzemes-planning-region-latvia\/\" >\n\t\t\t\tOtrais apa\u013cais galds Vidzemes pl\u0101no\u0161anas re\u0123ion\u0101 &#8211; Latvija\t\t\t<\/a>\n\t\t<\/h3>\n\t\t\t\t<div class=\"elementor-post__excerpt\">\n\t\t\t<p><b>2023. gada 3. marts &#8211; Online <\/b><br \/>\n2023. gada 2. mart\u0101 Latvijas Vides invest\u012bciju fonds sadarb\u012bb\u0101 ar viet\u0113jiem partneriem r\u012bkoja ceturto re\u0123ion\u0101lo apa\u013c\u0101 galda diskusiju par priv\u0101t\u0101 finans\u0113juma piesaisti energoefektivit\u0101tei &#8211; un t\u0101s t\u0113ma bija &#8220;&#8221;N\u0101kamie so\u013ci publisk\u0101 sektora energoefektivit\u0101tes pas\u0101kumu finans\u0113\u0161an\u0101&#8221;&#8221;.<\/p>\n\t\t<\/div>\n\t\t\n\t\t<a class=\"elementor-post__read-more\" href=\"https:\/\/roundbaltic.eu\/lv\/second-roundtable-in-vidzemes-planning-region-latvia\/\" aria-label=\"Read more about Otrais apa\u013cais galds Vidzemes pl\u0101no\u0161anas re\u0123ion\u0101 &#8211; Latvija\" tabindex=\"-1\" >\n\t\t\tLas\u012bt vair\u0101k \u00bb\t\t<\/a>\n\n\t\t\t\t<\/div>\n\t\t\t\t<\/article>\n\t\t\t\t<article class=\"elementor-post elementor-grid-item post-13580 post type-post status-publish format-standard has-post-thumbnail hentry category-events-lv-4 category-events-lv-lv\" role=\"listitem\">\n\t\t\t\t<a class=\"elementor-post__thumbnail__link\" href=\"https:\/\/roundbaltic.eu\/lv\/first-roundtable-in-vidzeme-planning-region-latvia\/\" tabindex=\"-1\" >\n\t\t\t<div class=\"elementor-post__thumbnail\"><img loading=\"lazy\" decoding=\"async\" width=\"768\" height=\"511\" src=\"https:\/\/roundbaltic.eu\/wp-content\/uploads\/2021\/06\/iStock-146754344-768x511.jpg\" class=\"attachment-medium_large size-medium_large wp-image-4579\" alt=\"\" srcset=\"https:\/\/roundbaltic.eu\/wp-content\/uploads\/2021\/06\/iStock-146754344-768x511.jpg 768w, https:\/\/roundbaltic.eu\/wp-content\/uploads\/2021\/06\/iStock-146754344-300x199.jpg 300w, https:\/\/roundbaltic.eu\/wp-content\/uploads\/2021\/06\/iStock-146754344-1024x681.jpg 1024w, https:\/\/roundbaltic.eu\/wp-content\/uploads\/2021\/06\/iStock-146754344-1536x1021.jpg 1536w, https:\/\/roundbaltic.eu\/wp-content\/uploads\/2021\/06\/iStock-146754344-2048x1362.jpg 2048w\" sizes=\"(max-width: 768px) 100vw, 768px\" \/><\/div>\n\t\t<\/a>\n\t\t\t\t<div class=\"elementor-post__text\">\n\t\t\t\t<h3 class=\"elementor-post__title\">\n\t\t\t<a href=\"https:\/\/roundbaltic.eu\/lv\/first-roundtable-in-vidzeme-planning-region-latvia\/\" >\n\t\t\t\tPirmais apa\u013cais galds Vidzemes pl\u0101no\u0161anas re\u0123ion\u0101 &#8211; Latvija\t\t\t<\/a>\n\t\t<\/h3>\n\t\t\t\t<div class=\"elementor-post__excerpt\">\n\t\t\t<p><b>2021. gada 8. decembris &#8211; Online <\/b><br \/>\nPas\u0101kums tika sadal\u012bts plen\u0101rsesij\u0101 visiem dal\u012bbniekiem un div\u0101s paral\u0113l\u0101s tematisk\u0101s sesij\u0101s, kas bija velt\u012btas attiec\u012bgi sabiedriskaj\u0101m \u0113k\u0101m un dz\u012bvojam\u0101m \u0113k\u0101m.<\/p>\n\t\t<\/div>\n\t\t\n\t\t<a class=\"elementor-post__read-more\" href=\"https:\/\/roundbaltic.eu\/lv\/first-roundtable-in-vidzeme-planning-region-latvia\/\" aria-label=\"Read more about Pirmais apa\u013cais galds Vidzemes pl\u0101no\u0161anas re\u0123ion\u0101 &#8211; Latvija\" tabindex=\"-1\" >\n\t\t\tLas\u012bt vair\u0101k \u00bb\t\t<\/a>\n\n\t\t\t\t<\/div>\n\t\t\t\t<\/article>\n\t\t\t\t<article class=\"elementor-post elementor-grid-item post-13582 post type-post status-publish format-standard has-post-thumbnail hentry category-events-da category-events-lv-lv\" role=\"listitem\">\n\t\t\t\t<a class=\"elementor-post__thumbnail__link\" href=\"https:\/\/roundbaltic.eu\/lv\/first-roundtable-in-kurzeme-planning-region-latvia\/\" tabindex=\"-1\" >\n\t\t\t<div class=\"elementor-post__thumbnail\"><img loading=\"lazy\" decoding=\"async\" width=\"720\" height=\"478\" src=\"https:\/\/roundbaltic.eu\/wp-content\/uploads\/2021\/12\/Kurzeme.jpg\" class=\"attachment-medium_large size-medium_large wp-image-9860\" alt=\"\" srcset=\"https:\/\/roundbaltic.eu\/wp-content\/uploads\/2021\/12\/Kurzeme.jpg 720w, https:\/\/roundbaltic.eu\/wp-content\/uploads\/2021\/12\/Kurzeme-300x199.jpg 300w\" sizes=\"(max-width: 720px) 100vw, 720px\" \/><\/div>\n\t\t<\/a>\n\t\t\t\t<div class=\"elementor-post__text\">\n\t\t\t\t<h3 class=\"elementor-post__title\">\n\t\t\t<a href=\"https:\/\/roundbaltic.eu\/lv\/first-roundtable-in-kurzeme-planning-region-latvia\/\" >\n\t\t\t\tPirmais apa\u013cais galds Kurzemes pl\u0101no\u0161anas re\u0123ion\u0101 &#8211; Latvija\t\t\t<\/a>\n\t\t<\/h3>\n\t\t\t\t<div class=\"elementor-post__excerpt\">\n\t\t\t<p><b>2021. gada 29. septembris &#8211; Online <\/b><br \/>\nPas\u0101kums tika sadal\u012bts plen\u0101rsesij\u0101 visiem dal\u012bbniekiem un div\u0101s paral\u0113l\u0101s tematisk\u0101s sesij\u0101s, kas bija velt\u012btas attiec\u012bgi sabiedriskaj\u0101m \u0113k\u0101m un dz\u012bvojam\u0101m \u0113k\u0101m.<\/p>\n\t\t<\/div>\n\t\t\n\t\t<a class=\"elementor-post__read-more\" href=\"https:\/\/roundbaltic.eu\/lv\/first-roundtable-in-kurzeme-planning-region-latvia\/\" aria-label=\"Read more about Pirmais apa\u013cais galds Kurzemes pl\u0101no\u0161anas re\u0123ion\u0101 &#8211; Latvija\" tabindex=\"-1\" >\n\t\t\tLas\u012bt vair\u0101k \u00bb\t\t<\/a>\n\n\t\t\t\t<\/div>\n\t\t\t\t<\/article>\n\t\t\t\t<\/div>\n\t\t\n\t\t\t\t\t\t<\/div>\n\t\t\t\t<\/div>\n\t\t\t\t\t<\/div>\n\t\t<\/div>\n\t\t\t\t\t<\/div>\n\t\t<\/section>\n\t\t\t\t<\/div>\n\t\t","protected":false},"excerpt":{"rendered":"","protected":false},"author":2,"featured_media":0,"parent":2187,"menu_order":0,"comment_status":"closed","ping_status":"closed","template":"","meta":{"inline_featured_image":false,"footnotes":""},"class_list":["post-9606","page","type-page","status-publish","hentry"],"_links":{"self":[{"href":"https:\/\/roundbaltic.eu\/lv\/wp-json\/wp\/v2\/pages\/9606","targetHints":{"allow":["GET"]}}],"collection":[{"href":"https:\/\/roundbaltic.eu\/lv\/wp-json\/wp\/v2\/pages"}],"about":[{"href":"https:\/\/roundbaltic.eu\/lv\/wp-json\/wp\/v2\/types\/page"}],"author":[{"embeddable":true,"href":"https:\/\/roundbaltic.eu\/lv\/wp-json\/wp\/v2\/users\/2"}],"replies":[{"embeddable":true,"href":"https:\/\/roundbaltic.eu\/lv\/wp-json\/wp\/v2\/comments?post=9606"}],"version-history":[{"count":30,"href":"https:\/\/roundbaltic.eu\/lv\/wp-json\/wp\/v2\/pages\/9606\/revisions"}],"predecessor-version":[{"id":16539,"href":"https:\/\/roundbaltic.eu\/lv\/wp-json\/wp\/v2\/pages\/9606\/revisions\/16539"}],"up":[{"embeddable":true,"href":"https:\/\/roundbaltic.eu\/lv\/wp-json\/wp\/v2\/pages\/2187"}],"wp:attachment":[{"href":"https:\/\/roundbaltic.eu\/lv\/wp-json\/wp\/v2\/media?parent=9606"}],"curies":[{"name":"wp","href":"https:\/\/api.w.org\/{rel}","templated":true}]}}