{"id":2746,"date":"2021-04-06T11:06:09","date_gmt":"2021-04-06T09:06:09","guid":{"rendered":"http:\/\/roundbaltic.eu.185-31-79-130.nmsrv02.dk\/?page_id=2746"},"modified":"2021-08-18T15:58:00","modified_gmt":"2021-08-18T13:58:00","slug":"dolnoslaskie","status":"publish","type":"page","link":"https:\/\/roundbaltic.eu\/pl\/community\/poland\/dolnoslaskie\/","title":{"rendered":"Dolno\u015bl\u0105skie"},"content":{"rendered":"\t\t<div data-elementor-type=\"wp-page\" data-elementor-id=\"2746\" class=\"elementor elementor-2746 elementor-1345\" data-elementor-post-type=\"page\">\n\t\t\t\t\t\t<section class=\"elementor-section elementor-top-section elementor-element elementor-element-36112146 elementor-section-stretched elementor-section-boxed elementor-section-height-default elementor-section-height-default\" data-id=\"36112146\" data-element_type=\"section\" data-settings=\"{&quot;background_background&quot;:&quot;classic&quot;,&quot;stretch_section&quot;:&quot;section-stretched&quot;}\">\n\t\t\t\t\t\t\t<div class=\"elementor-background-overlay\"><\/div>\n\t\t\t\t\t\t\t<div class=\"elementor-container elementor-column-gap-default\">\n\t\t\t\t\t<div class=\"elementor-column elementor-col-100 elementor-top-column elementor-element elementor-element-6888af9c\" data-id=\"6888af9c\" data-element_type=\"column\">\n\t\t\t<div class=\"elementor-widget-wrap elementor-element-populated\">\n\t\t\t\t\t\t<div class=\"elementor-element elementor-element-2d51d80d elementor-widget elementor-widget-heading\" data-id=\"2d51d80d\" data-element_type=\"widget\" data-widget_type=\"heading.default\">\n\t\t\t\t<div class=\"elementor-widget-container\">\n\t\t\t\t\t<h2 class=\"elementor-heading-title elementor-size-default\">Dolno\u015bl\u0105skie, Polska<\/h2>\t\t\t\t<\/div>\n\t\t\t\t<\/div>\n\t\t\t\t\t<\/div>\n\t\t<\/div>\n\t\t\t\t\t<\/div>\n\t\t<\/section>\n\t\t\t\t<section class=\"elementor-section elementor-top-section elementor-element elementor-element-700ed3f7 elementor-section-boxed elementor-section-height-default elementor-section-height-default\" data-id=\"700ed3f7\" data-element_type=\"section\">\n\t\t\t\t\t\t<div class=\"elementor-container elementor-column-gap-default\">\n\t\t\t\t\t<div class=\"elementor-column elementor-col-100 elementor-top-column elementor-element elementor-element-c2b17ea\" data-id=\"c2b17ea\" data-element_type=\"column\">\n\t\t\t<div class=\"elementor-widget-wrap\">\n\t\t\t\t\t\t\t<\/div>\n\t\t<\/div>\n\t\t\t\t\t<\/div>\n\t\t<\/section>\n\t\t\t\t<section class=\"elementor-section elementor-top-section elementor-element elementor-element-696b79fb elementor-section-full_width elementor-section-stretched elementor-section-height-default elementor-section-height-default\" data-id=\"696b79fb\" data-element_type=\"section\" data-settings=\"{&quot;stretch_section&quot;:&quot;section-stretched&quot;,&quot;background_background&quot;:&quot;classic&quot;}\">\n\t\t\t\t\t\t<div class=\"elementor-container elementor-column-gap-default\">\n\t\t\t\t\t<div class=\"elementor-column elementor-col-50 elementor-top-column elementor-element elementor-element-4eaeddc7 halfImgTextAlignLeft\" data-id=\"4eaeddc7\" data-element_type=\"column\">\n\t\t\t<div class=\"elementor-widget-wrap elementor-element-populated\">\n\t\t\t\t\t\t<div class=\"elementor-element elementor-element-4cf16c8a elementor-widget elementor-widget-text-editor\" data-id=\"4cf16c8a\" data-element_type=\"widget\" data-widget_type=\"text-editor.default\">\n\t\t\t\t<div class=\"elementor-widget-container\">\n\t\t\t\t\t\t\t\t\t<p><span style=\"font-weight: 400;\">Woj. <strong>Dolno\u015bl\u0105skie<\/strong> liczy 2,9 mln mieszka\u0144c\u00f3w, 69% zamieszkuje gminy. Stolic\u0105 regionu jest Wroc\u0142aw. Dolny \u015al\u0105sk po\u0142o\u017cony jest w po\u0142udniowo-zachodniej cz\u0119\u015bci Polski i graniczy z Niemcami i Czechami. Jest to najbardziej zurbanizowane wojew\u00f3dztwo. w ca\u0142ym kraju.<\/span><\/p><p><span style=\"font-weight: 400;\">\u0141\u0105czna liczba mieszka\u0144 w regionie w 2011 r. Wynios\u0142a 366 079, w tym 176 990 w gminach, 189 089 na wsi i 9356 w budynkach u\u017cyteczno\u015bci publicznej &#8211; razem ze wsi i gmin. 50% wszystkich budynk\u00f3w w regionie powsta\u0142o przed 1945 rokiem.<\/span><\/p>\t\t\t\t\t\t\t\t<\/div>\n\t\t\t\t<\/div>\n\t\t\t\t\t<\/div>\n\t\t<\/div>\n\t\t\t\t<div class=\"elementor-column elementor-col-50 elementor-top-column elementor-element elementor-element-6ab65f3a\" data-id=\"6ab65f3a\" data-element_type=\"column\" data-settings=\"{&quot;background_background&quot;:&quot;classic&quot;}\">\n\t\t\t<div class=\"elementor-widget-wrap elementor-element-populated\">\n\t\t\t\t\t\t<div class=\"elementor-element elementor-element-56020462 elementor-widget elementor-widget-shortcode\" data-id=\"56020462\" data-element_type=\"widget\" data-widget_type=\"shortcode.default\">\n\t\t\t\t<div class=\"elementor-widget-container\">\n\t\t\t\t\t\t\t<div class=\"elementor-shortcode\"><div class=\"map_wrapper\" id=\"map_wrapper_3280\">\n<div class=\"map_box\" style=\"max-width:2200px\">\n<div class=\"map_aspect_ratio\" style=\"padding-top:56%\" data-padding-top=\"56%\" data-padding-top-mobile=\"\">\n<div class=\"map_container\">\n<div class=\"map_render map_loading\" id=\"map_3280\"><\/div>\n<\/div>\n<\/div>\n<\/div>\n<\/div><\/div>\n\t\t\t\t\t\t<\/div>\n\t\t\t\t<\/div>\n\t\t\t\t\t<\/div>\n\t\t<\/div>\n\t\t\t\t\t<\/div>\n\t\t<\/section>\n\t\t\t\t<section class=\"elementor-section elementor-top-section elementor-element elementor-element-7c153e89 elementor-section-full_width elementor-section-stretched elementor-section-height-default elementor-section-height-default\" data-id=\"7c153e89\" data-element_type=\"section\" data-settings=\"{&quot;stretch_section&quot;:&quot;section-stretched&quot;,&quot;background_background&quot;:&quot;classic&quot;}\">\n\t\t\t\t\t\t<div class=\"elementor-container elementor-column-gap-default\">\n\t\t\t\t\t<div class=\"elementor-column elementor-col-50 elementor-top-column elementor-element elementor-element-316f659a\" data-id=\"316f659a\" data-element_type=\"column\" data-settings=\"{&quot;background_background&quot;:&quot;classic&quot;}\">\n\t\t\t<div class=\"elementor-widget-wrap elementor-element-populated\">\n\t\t\t\t\t\t<div class=\"elementor-element elementor-element-c348 elementor-widget elementor-widget-image\" data-id=\"c348\" data-element_type=\"widget\" data-widget_type=\"image.default\">\n\t\t\t\t<div class=\"elementor-widget-container\">\n\t\t\t\t\t\t\t\t\t\t\t\t\t\t\t<img fetchpriority=\"high\" decoding=\"async\" width=\"1024\" height=\"683\" src=\"https:\/\/roundbaltic.eu\/wp-content\/uploads\/2021\/04\/shutterstock_1850713141-1024x683.jpg\" class=\"attachment-large size-large wp-image-2414\" alt=\"\" srcset=\"https:\/\/roundbaltic.eu\/wp-content\/uploads\/2021\/04\/shutterstock_1850713141-1024x683.jpg 1024w, https:\/\/roundbaltic.eu\/wp-content\/uploads\/2021\/04\/shutterstock_1850713141-300x200.jpg 300w, https:\/\/roundbaltic.eu\/wp-content\/uploads\/2021\/04\/shutterstock_1850713141-768x512.jpg 768w, https:\/\/roundbaltic.eu\/wp-content\/uploads\/2021\/04\/shutterstock_1850713141-1536x1024.jpg 1536w, https:\/\/roundbaltic.eu\/wp-content\/uploads\/2021\/04\/shutterstock_1850713141-2048x1366.jpg 2048w\" sizes=\"(max-width: 1024px) 100vw, 1024px\" \/>\t\t\t\t\t\t\t\t\t\t\t\t\t\t\t<\/div>\n\t\t\t\t<\/div>\n\t\t\t\t\t<\/div>\n\t\t<\/div>\n\t\t\t\t<div class=\"elementor-column elementor-col-50 elementor-top-column elementor-element elementor-element-6e5effb3 halfImgTextAlignRight\" data-id=\"6e5effb3\" data-element_type=\"column\">\n\t\t\t<div class=\"elementor-widget-wrap elementor-element-populated\">\n\t\t\t\t\t\t<div class=\"elementor-element elementor-element-45a465bb elementor-widget elementor-widget-text-editor\" data-id=\"45a465bb\" data-element_type=\"widget\" data-widget_type=\"text-editor.default\">\n\t\t\t\t<div class=\"elementor-widget-container\">\n\t\t\t\t\t\t\t\t\t<p><strong>Oko\u0142o 40% budynk\u00f3w na Dolnym \u015al\u0105sku jest obj\u0119tych ochron\u0105 konserwatorsk\u0105, w tym budynki wielorodzinne, obiekty u\u017cyteczno\u015bci publicznej, obiekty sakralne, pensjonaty, hotele, schroniska, zak\u0142ady opieki zdrowotnej.<\/strong><\/p><p><span style=\"font-weight: 400;\">Niekt\u00f3re budynki przesz\u0142y ograniczon\u0105 termomodernizacj\u0119 i wymagaj\u0105 dalszej g\u0142\u0119bszej renowacji, aby poprawi\u0107 efektywno\u015b\u0107 energetyczn\u0105 do niezerowego poziomu. Potrzebne s\u0105 nowe instrumenty finansowania uwzgl\u0119dniaj\u0105ce specyfik\u0119 regionu oraz nowe cele, kt\u00f3re w po\u0142\u0105czeniu z po\u017cyczkami, dotacjami unijnymi i PDA (np.ELENA) przyspiesz\u0105 proces modernizacji energetycznej budynk\u00f3w. Celem b\u0119dzie opracowanie nowych mechanizm\u00f3w finansowania g\u0142\u0119bokiej termomodernizacji budynk\u00f3w do prawie zerowego poziomu energii oraz zwi\u0119kszenie dost\u0119pno\u015bci istniej\u0105cych program\u00f3w finansowania dla beneficjent\u00f3w ko\u0144cowych w sektorze mieszkaniowym i w\u015br\u00f3d M\u015aP poprzez koordynacj\u0119 podobnych dzia\u0142a\u0144 zarz\u0105dzanych przez r\u00f3\u017cne organizacje.<\/span><\/p>\t\t\t\t\t\t\t\t<\/div>\n\t\t\t\t<\/div>\n\t\t\t\t\t<\/div>\n\t\t<\/div>\n\t\t\t\t\t<\/div>\n\t\t<\/section>\n\t\t\t\t<section class=\"elementor-section elementor-top-section elementor-element elementor-element-374954f elementor-section-boxed elementor-section-height-default elementor-section-height-default\" data-id=\"374954f\" data-element_type=\"section\">\n\t\t\t\t\t\t<div class=\"elementor-container elementor-column-gap-default\">\n\t\t\t\t\t<div class=\"elementor-column elementor-col-66 elementor-top-column elementor-element elementor-element-1f6d130\" data-id=\"1f6d130\" data-element_type=\"column\">\n\t\t\t<div class=\"elementor-widget-wrap elementor-element-populated\">\n\t\t\t\t\t\t<div class=\"elementor-element elementor-element-5603f89 elementor-widget elementor-widget-image\" data-id=\"5603f89\" data-element_type=\"widget\" data-widget_type=\"image.default\">\n\t\t\t\t<div class=\"elementor-widget-container\">\n\t\t\t\t\t\t\t\t\t\t\t\t\t\t\t<img decoding=\"async\" width=\"179\" height=\"33\" src=\"https:\/\/roundbaltic.eu\/wp-content\/uploads\/2021\/06\/daes_logo_180.png\" class=\"attachment-large size-large wp-image-4742\" alt=\"\" \/>\t\t\t\t\t\t\t\t\t\t\t\t\t\t\t<\/div>\n\t\t\t\t<\/div>\n\t\t\t\t\t<\/div>\n\t\t<\/div>\n\t\t\t\t<div class=\"elementor-column elementor-col-33 elementor-top-column elementor-element elementor-element-00ef796\" data-id=\"00ef796\" data-element_type=\"column\">\n\t\t\t<div class=\"elementor-widget-wrap elementor-element-populated\">\n\t\t\t\t\t\t<div class=\"elementor-element elementor-element-14b0687 elementor-widget elementor-widget-heading\" data-id=\"14b0687\" data-element_type=\"widget\" data-widget_type=\"heading.default\">\n\t\t\t\t<div class=\"elementor-widget-container\">\n\t\t\t\t\t<h6 class=\"elementor-heading-title elementor-size-large\">Dolno\u015bl\u0105ska Agencja Energii i \u015arodowiska <\/h6>\t\t\t\t<\/div>\n\t\t\t\t<\/div>\n\t\t\t\t\t<\/div>\n\t\t<\/div>\n\t\t\t\t\t<\/div>\n\t\t<\/section>\n\t\t\t\t<section class=\"elementor-section elementor-top-section elementor-element elementor-element-478f58b elementor-section-boxed elementor-section-height-default elementor-section-height-default\" data-id=\"478f58b\" data-element_type=\"section\">\n\t\t\t\t\t\t<div class=\"elementor-container elementor-column-gap-default\">\n\t\t\t\t\t<div class=\"elementor-column elementor-col-66 elementor-top-column elementor-element elementor-element-aa15e90\" data-id=\"aa15e90\" data-element_type=\"column\">\n\t\t\t<div class=\"elementor-widget-wrap elementor-element-populated\">\n\t\t\t\t\t\t<div class=\"elementor-element elementor-element-7d939d4 elementor-widget elementor-widget-text-editor\" data-id=\"7d939d4\" data-element_type=\"widget\" data-widget_type=\"text-editor.default\">\n\t\t\t\t<div class=\"elementor-widget-container\">\n\t\t\t\t\t\t\t\t\t<p><strong>DAEi\u015a s.c. powsta\u0142a w roku 1999 z siedzib\u0105 we Wroc\u0142awiu.\u00a0\u00a0<\/strong>DAEi\u015a\u00a0\u00a0posiada bardzo szerok\u0105 ofert\u0119: od projektowania architektonicznego i budowlanego, przez ekspertyzy budowlane (w tym termograficzne), auditing energetyczny, certyfikacj\u0119 energetyczn\u0105, po tworzenie program\u00f3w do projektowania i certyfikacji. DAEi\u015a prowadzi r\u00f3wnie\u017c szkolenia z zakresu Certyfikacji Energetycznej oraz Termografii.Wydawca programu:CERTO \u2013 Program do Certyfikacji Energetycznej<\/p>\t\t\t\t\t\t\t\t<\/div>\n\t\t\t\t<\/div>\n\t\t\t\t\t<\/div>\n\t\t<\/div>\n\t\t\t\t<div class=\"elementor-column elementor-col-33 elementor-top-column elementor-element elementor-element-bf2174f\" data-id=\"bf2174f\" data-element_type=\"column\">\n\t\t\t<div class=\"elementor-widget-wrap elementor-element-populated\">\n\t\t\t\t\t\t<div class=\"elementor-element elementor-element-c7dbb2d elementor-widget elementor-widget-image\" data-id=\"c7dbb2d\" data-element_type=\"widget\" data-widget_type=\"image.default\">\n\t\t\t\t<div class=\"elementor-widget-container\">\n\t\t\t\t\t\t\t\t\t\t\t\t\t\t\t<img decoding=\"async\" width=\"1024\" height=\"673\" src=\"https:\/\/roundbaltic.eu\/wp-content\/uploads\/2021\/04\/shutterstock_155581556-1024x673.jpg\" class=\"attachment-large size-large wp-image-2476\" alt=\"\" srcset=\"https:\/\/roundbaltic.eu\/wp-content\/uploads\/2021\/04\/shutterstock_155581556-1024x673.jpg 1024w, https:\/\/roundbaltic.eu\/wp-content\/uploads\/2021\/04\/shutterstock_155581556-300x197.jpg 300w, https:\/\/roundbaltic.eu\/wp-content\/uploads\/2021\/04\/shutterstock_155581556-768x505.jpg 768w, https:\/\/roundbaltic.eu\/wp-content\/uploads\/2021\/04\/shutterstock_155581556-1536x1009.jpg 1536w, https:\/\/roundbaltic.eu\/wp-content\/uploads\/2021\/04\/shutterstock_155581556-2048x1346.jpg 2048w\" sizes=\"(max-width: 1024px) 100vw, 1024px\" \/>\t\t\t\t\t\t\t\t\t\t\t\t\t\t\t<\/div>\n\t\t\t\t<\/div>\n\t\t\t\t\t<\/div>\n\t\t<\/div>\n\t\t\t\t\t<\/div>\n\t\t<\/section>\n\t\t\t\t<\/div>\n\t\t","protected":false},"excerpt":{"rendered":"<p>Dolno\u015bl\u0105skie, Polska Woj. Dolno\u015bl\u0105skie liczy 2,9 mln mieszka\u0144c\u00f3w, 69% zamieszkuje gminy. Stolic\u0105 regionu jest Wroc\u0142aw. Dolny \u015al\u0105sk po\u0142o\u017cony jest w po\u0142udniowo-zachodniej cz\u0119\u015bci Polski i graniczy z Niemcami i Czechami. Jest to najbardziej zurbanizowane wojew\u00f3dztwo. w ca\u0142ym kraju. \u0141\u0105czna liczba mieszka\u0144 w regionie w 2011 r. Wynios\u0142a 366 079, w tym 176 990 w gminach, 189 [&hellip;]<\/p>\n","protected":false},"author":1,"featured_media":0,"parent":3508,"menu_order":0,"comment_status":"closed","ping_status":"closed","template":"","meta":{"inline_featured_image":false,"footnotes":""},"class_list":["post-2746","page","type-page","status-publish","hentry"],"_links":{"self":[{"href":"https:\/\/roundbaltic.eu\/pl\/wp-json\/wp\/v2\/pages\/2746","targetHints":{"allow":["GET"]}}],"collection":[{"href":"https:\/\/roundbaltic.eu\/pl\/wp-json\/wp\/v2\/pages"}],"about":[{"href":"https:\/\/roundbaltic.eu\/pl\/wp-json\/wp\/v2\/types\/page"}],"author":[{"embeddable":true,"href":"https:\/\/roundbaltic.eu\/pl\/wp-json\/wp\/v2\/users\/1"}],"replies":[{"embeddable":true,"href":"https:\/\/roundbaltic.eu\/pl\/wp-json\/wp\/v2\/comments?post=2746"}],"version-history":[{"count":30,"href":"https:\/\/roundbaltic.eu\/pl\/wp-json\/wp\/v2\/pages\/2746\/revisions"}],"predecessor-version":[{"id":7068,"href":"https:\/\/roundbaltic.eu\/pl\/wp-json\/wp\/v2\/pages\/2746\/revisions\/7068"}],"up":[{"embeddable":true,"href":"https:\/\/roundbaltic.eu\/pl\/wp-json\/wp\/v2\/pages\/3508"}],"wp:attachment":[{"href":"https:\/\/roundbaltic.eu\/pl\/wp-json\/wp\/v2\/media?parent=2746"}],"curies":[{"name":"wp","href":"https:\/\/api.w.org\/{rel}","templated":true}]}}