{"id":3313,"date":"2021-05-07T18:08:10","date_gmt":"2021-05-07T16:08:10","guid":{"rendered":"http:\/\/roundbaltic.eu.185-31-79-130.nmsrv02.dk\/?page_id=3313"},"modified":"2021-06-07T11:02:20","modified_gmt":"2021-06-07T09:02:20","slug":"kujawsko-pomorskie","status":"publish","type":"page","link":"https:\/\/roundbaltic.eu\/pl\/community\/poland\/kujawsko-pomorskie\/","title":{"rendered":"Kujawsko-pomorskie"},"content":{"rendered":"\t\t<div data-elementor-type=\"wp-page\" data-elementor-id=\"3313\" class=\"elementor elementor-3313 elementor-1335\" data-elementor-post-type=\"page\">\n\t\t\t\t\t\t<section class=\"elementor-section elementor-top-section elementor-element elementor-element-7964784 elementor-section-stretched elementor-section-boxed elementor-section-height-default elementor-section-height-default\" data-id=\"7964784\" data-element_type=\"section\" data-settings=\"{&quot;background_background&quot;:&quot;classic&quot;,&quot;stretch_section&quot;:&quot;section-stretched&quot;}\">\n\t\t\t\t\t\t\t<div class=\"elementor-background-overlay\"><\/div>\n\t\t\t\t\t\t\t<div class=\"elementor-container elementor-column-gap-default\">\n\t\t\t\t\t<div class=\"elementor-column elementor-col-100 elementor-top-column elementor-element elementor-element-78f24c29\" data-id=\"78f24c29\" data-element_type=\"column\">\n\t\t\t<div class=\"elementor-widget-wrap elementor-element-populated\">\n\t\t\t\t\t\t<div class=\"elementor-element elementor-element-323fec0f elementor-widget elementor-widget-heading\" data-id=\"323fec0f\" data-element_type=\"widget\" data-widget_type=\"heading.default\">\n\t\t\t\t<div class=\"elementor-widget-container\">\n\t\t\t\t\t<h2 class=\"elementor-heading-title elementor-size-default\">Kujawsko-Pomorskie, Polska<\/h2>\t\t\t\t<\/div>\n\t\t\t\t<\/div>\n\t\t\t\t\t<\/div>\n\t\t<\/div>\n\t\t\t\t\t<\/div>\n\t\t<\/section>\n\t\t\t\t<section class=\"elementor-section elementor-top-section elementor-element elementor-element-4c70eab2 elementor-section-boxed elementor-section-height-default elementor-section-height-default\" data-id=\"4c70eab2\" data-element_type=\"section\">\n\t\t\t\t\t\t<div class=\"elementor-container elementor-column-gap-default\">\n\t\t\t\t\t<div class=\"elementor-column elementor-col-100 elementor-top-column elementor-element elementor-element-2efd591e\" data-id=\"2efd591e\" data-element_type=\"column\">\n\t\t\t<div class=\"elementor-widget-wrap\">\n\t\t\t\t\t\t\t<\/div>\n\t\t<\/div>\n\t\t\t\t\t<\/div>\n\t\t<\/section>\n\t\t\t\t<section class=\"elementor-section elementor-top-section elementor-element elementor-element-13e0cb36 elementor-section-full_width elementor-section-stretched elementor-section-height-default elementor-section-height-default\" data-id=\"13e0cb36\" data-element_type=\"section\" data-settings=\"{&quot;stretch_section&quot;:&quot;section-stretched&quot;,&quot;background_background&quot;:&quot;classic&quot;}\">\n\t\t\t\t\t\t<div class=\"elementor-container elementor-column-gap-default\">\n\t\t\t\t\t<div class=\"elementor-column elementor-col-50 elementor-top-column elementor-element elementor-element-44af8191 halfImgTextAlignLeft\" data-id=\"44af8191\" data-element_type=\"column\">\n\t\t\t<div class=\"elementor-widget-wrap elementor-element-populated\">\n\t\t\t\t\t\t<div class=\"elementor-element elementor-element-62c9d23a elementor-widget elementor-widget-text-editor\" data-id=\"62c9d23a\" data-element_type=\"widget\" data-widget_type=\"text-editor.default\">\n\t\t\t\t<div class=\"elementor-widget-container\">\n\t\t\t\t\t\t\t\t\t<p><strong>Wojew\u00f3dztwo kujawsko-pomorskie<\/strong> po\u0142o\u017cone jest w p\u00f3\u0142nocnej cz\u0119\u015bci centralnej Polski. Nale\u017cy do wojew\u00f3dztw \u015bredniej wielko\u015bci. Zajmuje obszar 17 972 km2 (5,7% powierzchni kraju), kt\u00f3ry zamieszkuje 2,07 mln os\u00f3b (5,4% ludno\u015bci kraju). Siedzib\u0105 w\u0142adz administracji rz\u0105dowej (wojewoda) jest Bydgoszcz, a samorz\u0105dowej (sejmik wojew\u00f3dztwa) Toru\u0144. Podzielone jest na 19 powiat\u00f3w i 4 miasta na prawach powiatu oraz na 144 gminy.<\/p><p><span style=\"font-weight: 400;\">\u0141\u0105czna liczba mieszka\u0144 w regionie w 2017 roku wynosi\u0142a 745,8 tys., z czego 67,2% znajdowa\u0142o si\u0119 w miastach (w tym w 5 najwi\u0119kszych miastach 71%), a 32,8% na obszarach wiejskich. W wojew\u00f3dztwie znajduje si\u0119 ponad 30 tys. budynk\u00f3w wielorodzinnych i kilka tysi\u0119cy budynk\u00f3w u\u017cyteczno\u015bci publicznej.<\/span><\/p><p><span style=\"font-weight: 400;\">Kujawsko-pomorskie jest wojew\u00f3dztwem o dobrze rozwini\u0119tym rolnictwie, stanowi\u0105cym baz\u0119 dla rozwoju przemys\u0142u spo\u017cywczego. Jest wa\u017cnym w skali kraju dostawc\u0105 dobrej \u017cywno\u015bci. Charakteryzuje si\u0119 wysokimi walorami przyrodniczymi i bogactwem kulturowym, co stwarza dogodne warunki do rozwoju turystyki. Jest drugim w kraju pod wzgl\u0119dem wielko\u015bci o\u015brodkiem lecznictwa uzdrowiskowego oraz drugim pod wzgl\u0119dem wielko\u015bci produkcji\u00a0 energii ze \u017ar\u00f3de\u0142 odnawialnych. Obszary chronione, w tym nale\u017c\u0105ce do sieci Natura 2000 zajmuj\u0105 ponad 30% powierzchni regionu.<\/span><\/p><p><\/p>\t\t\t\t\t\t\t\t<\/div>\n\t\t\t\t<\/div>\n\t\t\t\t\t<\/div>\n\t\t<\/div>\n\t\t\t\t<div class=\"elementor-column elementor-col-50 elementor-top-column elementor-element elementor-element-38992988\" data-id=\"38992988\" data-element_type=\"column\" data-settings=\"{&quot;background_background&quot;:&quot;classic&quot;}\">\n\t\t\t<div class=\"elementor-widget-wrap elementor-element-populated\">\n\t\t\t\t\t\t<div class=\"elementor-element elementor-element-1ea63c5f elementor-widget elementor-widget-shortcode\" data-id=\"1ea63c5f\" data-element_type=\"widget\" data-widget_type=\"shortcode.default\">\n\t\t\t\t<div class=\"elementor-widget-container\">\n\t\t\t\t\t\t\t<div class=\"elementor-shortcode\"><div class=\"map_wrapper\" id=\"map_wrapper_3280\">\n<div class=\"map_box\" style=\"max-width:2200px\">\n<div class=\"map_aspect_ratio\" style=\"padding-top:56%\" data-padding-top=\"56%\" data-padding-top-mobile=\"\">\n<div class=\"map_container\">\n<div class=\"map_render map_loading\" id=\"map_3280\"><\/div>\n<\/div>\n<\/div>\n<\/div>\n<\/div><\/div>\n\t\t\t\t\t\t<\/div>\n\t\t\t\t<\/div>\n\t\t\t\t\t<\/div>\n\t\t<\/div>\n\t\t\t\t\t<\/div>\n\t\t<\/section>\n\t\t\t\t<section class=\"elementor-section elementor-top-section elementor-element elementor-element-2b3ca00 elementor-section-boxed elementor-section-height-default elementor-section-height-default\" data-id=\"2b3ca00\" data-element_type=\"section\">\n\t\t\t\t\t\t<div class=\"elementor-container elementor-column-gap-default\">\n\t\t\t\t\t<div class=\"elementor-column elementor-col-50 elementor-top-column elementor-element elementor-element-8a42b62\" data-id=\"8a42b62\" data-element_type=\"column\">\n\t\t\t<div class=\"elementor-widget-wrap\">\n\t\t\t\t\t\t\t<\/div>\n\t\t<\/div>\n\t\t\t\t<div class=\"elementor-column elementor-col-50 elementor-top-column elementor-element elementor-element-30fdbee\" data-id=\"30fdbee\" data-element_type=\"column\">\n\t\t\t<div class=\"elementor-widget-wrap elementor-element-populated\">\n\t\t\t\t\t\t<div class=\"elementor-element elementor-element-80054e7 elementor-widget elementor-widget-heading\" data-id=\"80054e7\" data-element_type=\"widget\" data-widget_type=\"heading.default\">\n\t\t\t\t<div class=\"elementor-widget-container\">\n\t\t\t\t\t<h2 class=\"elementor-heading-title elementor-size-default\">Strategia Energetyczna<\/h2>\t\t\t\t<\/div>\n\t\t\t\t<\/div>\n\t\t\t\t\t<\/div>\n\t\t<\/div>\n\t\t\t\t\t<\/div>\n\t\t<\/section>\n\t\t\t\t<section class=\"elementor-section elementor-top-section elementor-element elementor-element-35416bdb elementor-section-full_width elementor-section-stretched elementor-section-height-default elementor-section-height-default\" data-id=\"35416bdb\" data-element_type=\"section\" data-settings=\"{&quot;stretch_section&quot;:&quot;section-stretched&quot;,&quot;background_background&quot;:&quot;classic&quot;}\">\n\t\t\t\t\t\t<div class=\"elementor-container elementor-column-gap-default\">\n\t\t\t\t\t<div class=\"elementor-column elementor-col-50 elementor-top-column elementor-element elementor-element-3d0463b\" data-id=\"3d0463b\" data-element_type=\"column\" data-settings=\"{&quot;background_background&quot;:&quot;classic&quot;}\">\n\t\t\t<div class=\"elementor-widget-wrap elementor-element-populated\">\n\t\t\t\t\t\t<div class=\"elementor-element elementor-element-625a83dd elementor-widget elementor-widget-image\" data-id=\"625a83dd\" data-element_type=\"widget\" data-widget_type=\"image.default\">\n\t\t\t\t<div class=\"elementor-widget-container\">\n\t\t\t\t\t\t\t\t\t\t\t\t\t\t\t<img fetchpriority=\"high\" decoding=\"async\" width=\"1024\" height=\"683\" src=\"https:\/\/roundbaltic.eu\/wp-content\/uploads\/2021\/04\/shutterstock_1850713141-1024x683.jpg\" class=\"attachment-large size-large wp-image-2414\" alt=\"\" srcset=\"https:\/\/roundbaltic.eu\/wp-content\/uploads\/2021\/04\/shutterstock_1850713141-1024x683.jpg 1024w, https:\/\/roundbaltic.eu\/wp-content\/uploads\/2021\/04\/shutterstock_1850713141-300x200.jpg 300w, https:\/\/roundbaltic.eu\/wp-content\/uploads\/2021\/04\/shutterstock_1850713141-768x512.jpg 768w, https:\/\/roundbaltic.eu\/wp-content\/uploads\/2021\/04\/shutterstock_1850713141-1536x1024.jpg 1536w, https:\/\/roundbaltic.eu\/wp-content\/uploads\/2021\/04\/shutterstock_1850713141-2048x1366.jpg 2048w\" sizes=\"(max-width: 1024px) 100vw, 1024px\" \/>\t\t\t\t\t\t\t\t\t\t\t\t\t\t\t<\/div>\n\t\t\t\t<\/div>\n\t\t\t\t\t<\/div>\n\t\t<\/div>\n\t\t\t\t<div class=\"elementor-column elementor-col-50 elementor-top-column elementor-element elementor-element-74260f89 halfImgTextAlignRight\" data-id=\"74260f89\" data-element_type=\"column\">\n\t\t\t<div class=\"elementor-widget-wrap elementor-element-populated\">\n\t\t\t\t\t\t<div class=\"elementor-element elementor-element-2cd94768 elementor-widget elementor-widget-text-editor\" data-id=\"2cd94768\" data-element_type=\"widget\" data-widget_type=\"text-editor.default\">\n\t\t\t\t<div class=\"elementor-widget-container\">\n\t\t\t\t\t\t\t\t\t<p>Wojew\u00f3dztwo kujawsko-pomorskie nie dysponuje dokumentem dedykowanym tylko i wy\u0142\u0105cznie problematyce efektywno\u015bci energetycznej. Jednak\u017ce w \u201eStrategii rozwoju wojew\u00f3dztwa kujawsko-pomorskiego do 2030 r. \u2013 Strategia Przyspieszenia 2030+\u201d jednym z g\u0142\u00f3wnych cel\u00f3w operacyjnych zapisano \u201eczyst\u0105 energi\u0119 i bezpiecze\u0144stwo energetyczne\u201d. W kierunkach rozwoju wskazano na potrzeb\u0119 m.in.:<\/p><ul><li>modernizacji indywidualnych oraz zbiorczych system\u00f3w grzewczych w kierunku rozwi\u0105za\u0144 niskoemisyjnych lub bezemisyjnych,<\/li><li>rozwoju energetyki wykorzystuj\u0105cej odnawialne \u017ar\u00f3d\u0142a energii,<\/li><li>upowszechniania zachowa\u0144 prosumenckich w\u015br\u00f3d indywidualnych odbiorc\u00f3w energii,<\/li><li>rozwoju technologii oraz promocji zachowa\u0144 oszcz\u0119dzaj\u0105cych zu\u017cycie energii elektrycznej oraz cieplnej,<\/li><li>promocji budownictwa energooszcz\u0119dnego.<\/li><\/ul>\t\t\t\t\t\t\t\t<\/div>\n\t\t\t\t<\/div>\n\t\t\t\t\t<\/div>\n\t\t<\/div>\n\t\t\t\t\t<\/div>\n\t\t<\/section>\n\t\t\t\t<section class=\"elementor-section elementor-top-section elementor-element elementor-element-331d604 elementor-section-boxed elementor-section-height-default elementor-section-height-default\" data-id=\"331d604\" data-element_type=\"section\">\n\t\t\t\t\t\t<div class=\"elementor-container elementor-column-gap-default\">\n\t\t\t\t\t<div class=\"elementor-column elementor-col-66 elementor-top-column elementor-element elementor-element-c06095f\" data-id=\"c06095f\" data-element_type=\"column\">\n\t\t\t<div class=\"elementor-widget-wrap elementor-element-populated\">\n\t\t\t\t\t\t<div class=\"elementor-element elementor-element-ff8d303 elementor-widget elementor-widget-heading\" data-id=\"ff8d303\" data-element_type=\"widget\" data-widget_type=\"heading.default\">\n\t\t\t\t<div class=\"elementor-widget-container\">\n\t\t\t\t\t<h3 class=\"elementor-heading-title elementor-size-default\">Mechanizmy finansowe<\/h3>\t\t\t\t<\/div>\n\t\t\t\t<\/div>\n\t\t\t\t\t<\/div>\n\t\t<\/div>\n\t\t\t\t<div class=\"elementor-column elementor-col-33 elementor-top-column elementor-element elementor-element-273769d\" data-id=\"273769d\" data-element_type=\"column\">\n\t\t\t<div class=\"elementor-widget-wrap\">\n\t\t\t\t\t\t\t<\/div>\n\t\t<\/div>\n\t\t\t\t\t<\/div>\n\t\t<\/section>\n\t\t\t\t<section class=\"elementor-section elementor-top-section elementor-element elementor-element-c564f2f elementor-section-boxed elementor-section-height-default elementor-section-height-default\" data-id=\"c564f2f\" data-element_type=\"section\">\n\t\t\t\t\t\t<div class=\"elementor-container elementor-column-gap-default\">\n\t\t\t\t\t<div class=\"elementor-column elementor-col-66 elementor-top-column elementor-element elementor-element-dfee742\" data-id=\"dfee742\" data-element_type=\"column\">\n\t\t\t<div class=\"elementor-widget-wrap elementor-element-populated\">\n\t\t\t\t\t\t<div class=\"elementor-element elementor-element-dd15788 elementor-widget elementor-widget-text-editor\" data-id=\"dd15788\" data-element_type=\"widget\" data-widget_type=\"text-editor.default\">\n\t\t\t\t<div class=\"elementor-widget-container\">\n\t\t\t\t\t\t\t\t\t<p>W regionie wykorzystywanych jest wiele mechanizm\u00f3w finansowych wspomagaj\u0105cych wdra\u017canie projekt\u00f3w z zakresu efektywno\u015bci energetycznej, g\u0142\u00f3wnie dotycz\u0105cych termomodernizacji obiekt\u00f3w mieszkalnych i budynk\u00f3w u\u017cyteczno\u015bci publicznej oraz wykorzystania OZE.<\/p><p>Skala zmian w zakresie wprowadzania niskoemisyjnych system\u00f3w grzewczych i poprawy efektywno\u015bci energetycznej budynk\u00f3w jest niewystarczaj\u0105ca. Dost\u0119pne \u015brodki i formy dofinansowania termomodernizacji budynk\u00f3w u\u017cyteczno\u015bci publicznej nie zaspakajaj\u0105 potrzeb zw\u0142aszcza w gminach wiejskich i miejsko-wiejskich. Konieczne jest te\u017c opracowanie schemat\u00f3w finansowania i wsparcia termomodernizacji budynk\u00f3w mieszkalnych wielorodzinnych skierowanych bezpo\u015brednio do sp\u00f3\u0142dzielni i wsp\u00f3lnot mieszkaniowych zw\u0142aszcza w mniejszych miejscowo\u015bciach. Dla osi\u0105gni\u0119cia cel\u00f3w wa\u017cna jest te\u017c wiedza inwestor\u00f3w nt dost\u0119pno\u015bci \u017ar\u00f3de\u0142 finansowania inwestycji\u00a0 i wsparcie doradcze tych dzia\u0142a\u0144.<\/p>\t\t\t\t\t\t\t\t<\/div>\n\t\t\t\t<\/div>\n\t\t\t\t\t<\/div>\n\t\t<\/div>\n\t\t\t\t<div class=\"elementor-column elementor-col-33 elementor-top-column elementor-element elementor-element-1645f18\" data-id=\"1645f18\" data-element_type=\"column\">\n\t\t\t<div class=\"elementor-widget-wrap elementor-element-populated\">\n\t\t\t\t\t\t<div class=\"elementor-element elementor-element-abf757c elementor-widget elementor-widget-image\" data-id=\"abf757c\" data-element_type=\"widget\" data-widget_type=\"image.default\">\n\t\t\t\t<div class=\"elementor-widget-container\">\n\t\t\t\t\t\t\t\t\t\t\t\t\t\t\t<img decoding=\"async\" width=\"1024\" height=\"682\" src=\"https:\/\/roundbaltic.eu\/wp-content\/uploads\/2021\/04\/shutterstock_1718548003-1024x682.jpg\" class=\"attachment-large size-large wp-image-7224\" alt=\"\" srcset=\"https:\/\/roundbaltic.eu\/wp-content\/uploads\/2021\/04\/shutterstock_1718548003-1024x682.jpg 1024w, https:\/\/roundbaltic.eu\/wp-content\/uploads\/2021\/04\/shutterstock_1718548003-300x200.jpg 300w, https:\/\/roundbaltic.eu\/wp-content\/uploads\/2021\/04\/shutterstock_1718548003-768x511.jpg 768w, https:\/\/roundbaltic.eu\/wp-content\/uploads\/2021\/04\/shutterstock_1718548003-1536x1022.jpg 1536w, https:\/\/roundbaltic.eu\/wp-content\/uploads\/2021\/04\/shutterstock_1718548003-2048x1363.jpg 2048w\" sizes=\"(max-width: 1024px) 100vw, 1024px\" \/>\t\t\t\t\t\t\t\t\t\t\t\t\t\t\t<\/div>\n\t\t\t\t<\/div>\n\t\t\t\t\t<\/div>\n\t\t<\/div>\n\t\t\t\t\t<\/div>\n\t\t<\/section>\n\t\t\t\t<section class=\"elementor-section elementor-top-section elementor-element elementor-element-2c5158c elementor-section-boxed elementor-section-height-default elementor-section-height-default\" data-id=\"2c5158c\" data-element_type=\"section\">\n\t\t\t\t\t\t<div class=\"elementor-container elementor-column-gap-default\">\n\t\t\t\t\t<div class=\"elementor-column elementor-col-33 elementor-top-column elementor-element elementor-element-0a5e1dd\" data-id=\"0a5e1dd\" data-element_type=\"column\">\n\t\t\t<div class=\"elementor-widget-wrap\">\n\t\t\t\t\t\t\t<\/div>\n\t\t<\/div>\n\t\t\t\t<div class=\"elementor-column elementor-col-66 elementor-top-column elementor-element elementor-element-f48e366\" data-id=\"f48e366\" data-element_type=\"column\">\n\t\t\t<div class=\"elementor-widget-wrap elementor-element-populated\">\n\t\t\t\t\t\t<div class=\"elementor-element elementor-element-b7f0969 elementor-widget elementor-widget-heading\" data-id=\"b7f0969\" data-element_type=\"widget\" data-widget_type=\"heading.default\">\n\t\t\t\t<div class=\"elementor-widget-container\">\n\t\t\t\t\t<h3 class=\"elementor-heading-title elementor-size-default\">G\u0142\u00f3wne dzia\u0142ania w ramach projektu w regionach<\/h3>\t\t\t\t<\/div>\n\t\t\t\t<\/div>\n\t\t\t\t\t<\/div>\n\t\t<\/div>\n\t\t\t\t\t<\/div>\n\t\t<\/section>\n\t\t\t\t<section class=\"elementor-section elementor-top-section elementor-element elementor-element-bce8182 elementor-section-boxed elementor-section-height-default elementor-section-height-default\" data-id=\"bce8182\" data-element_type=\"section\">\n\t\t\t\t\t\t<div class=\"elementor-container elementor-column-gap-default\">\n\t\t\t\t\t<div class=\"elementor-column elementor-col-33 elementor-top-column elementor-element elementor-element-321efbc\" data-id=\"321efbc\" data-element_type=\"column\">\n\t\t\t<div class=\"elementor-widget-wrap elementor-element-populated\">\n\t\t\t\t\t\t<div class=\"elementor-element elementor-element-38624b3 elementor-widget elementor-widget-image\" data-id=\"38624b3\" data-element_type=\"widget\" data-widget_type=\"image.default\">\n\t\t\t\t<div class=\"elementor-widget-container\">\n\t\t\t\t\t\t\t\t\t\t\t\t\t\t\t<img decoding=\"async\" width=\"1024\" height=\"539\" src=\"https:\/\/roundbaltic.eu\/wp-content\/uploads\/2021\/04\/shutterstock_1747523120-1024x539.jpg\" class=\"attachment-large size-large wp-image-2599\" alt=\"\" srcset=\"https:\/\/roundbaltic.eu\/wp-content\/uploads\/2021\/04\/shutterstock_1747523120-1024x539.jpg 1024w, https:\/\/roundbaltic.eu\/wp-content\/uploads\/2021\/04\/shutterstock_1747523120-300x158.jpg 300w, https:\/\/roundbaltic.eu\/wp-content\/uploads\/2021\/04\/shutterstock_1747523120-768x404.jpg 768w, https:\/\/roundbaltic.eu\/wp-content\/uploads\/2021\/04\/shutterstock_1747523120-1536x808.jpg 1536w, https:\/\/roundbaltic.eu\/wp-content\/uploads\/2021\/04\/shutterstock_1747523120-2048x1078.jpg 2048w\" sizes=\"(max-width: 1024px) 100vw, 1024px\" \/>\t\t\t\t\t\t\t\t\t\t\t\t\t\t\t<\/div>\n\t\t\t\t<\/div>\n\t\t\t\t\t<\/div>\n\t\t<\/div>\n\t\t\t\t<div class=\"elementor-column elementor-col-66 elementor-top-column elementor-element elementor-element-787f844\" data-id=\"787f844\" data-element_type=\"column\">\n\t\t\t<div class=\"elementor-widget-wrap elementor-element-populated\">\n\t\t\t\t\t\t<div class=\"elementor-element elementor-element-57d0fc7 elementor-widget elementor-widget-text-editor\" data-id=\"57d0fc7\" data-element_type=\"widget\" data-widget_type=\"text-editor.default\">\n\t\t\t\t<div class=\"elementor-widget-container\">\n\t\t\t\t\t\t\t\t\t<p><span style=\"font-weight: 400;\">Poprawa efektywno\u015bci energetycznej budynk\u00f3w oraz OZE w wojew\u00f3dztwie kujawsko-pomorskim jest przedmiotem kilku r\u00f3\u017cnych propozycji wsparcia finansowego. Dofinansowanie oferuje Urz\u0105d Marsza\u0142kowski, g\u0142\u00f3wnie w ramach RPO, Kujawsko-Pomorski Fundusz Po\u017cyczkowy, WFO\u015aiGW w Toruniu oraz banki. Du\u017cym i nies\u0142abn\u0105cym zainteresowaniem mieszka\u0144c\u00f3w cieszy si\u0119 rz\u0105dowy program Czyste Powietrze, w kt\u00f3rym liczba wniosk\u00f3w o dofinansowanie z\u0142o\u017conych do Funduszu jest jedn\u0105 z najwy\u017cszych w kraju. Opr\u00f3cz Czystego Powietrza Fundusz oferuje inne formy wsparcia w tym zakresie, m.in. w ramach program\u00f3w Eko-klimat 2020 i Eko-Stra\u017cak 2021, gdzie Eko-klimat skierowany jest m.in. do wsp\u00f3lnot i sp\u00f3\u0142dzielni mieszkaniowych, JST oraz M\u015aP, natomiast Eko-Stra\u017cak jest adresowany do jednostek OSP oraz JST. Informacje na temat najlepszych, optymalnych rozwi\u0105za\u0144 w zakresie EE i OZE oraz \u017ar\u00f3de\u0142 ich finansowania udzielane s\u0105 przez Zesp\u00f3\u0142 Doradc\u00f3w Energetycznych WFO\u015aiGW w Toruniu i w Punktach Informacyjnych Funduszy Europejskich UM.<\/span><\/p>\t\t\t\t\t\t\t\t<\/div>\n\t\t\t\t<\/div>\n\t\t\t\t\t<\/div>\n\t\t<\/div>\n\t\t\t\t\t<\/div>\n\t\t<\/section>\n\t\t\t\t<section class=\"elementor-section elementor-top-section elementor-element elementor-element-f1c4593 elementor-section-boxed elementor-section-height-default elementor-section-height-default\" data-id=\"f1c4593\" data-element_type=\"section\">\n\t\t\t\t\t\t<div class=\"elementor-container elementor-column-gap-default\">\n\t\t\t\t\t<div class=\"elementor-column elementor-col-66 elementor-top-column elementor-element elementor-element-1ecdb13f\" data-id=\"1ecdb13f\" data-element_type=\"column\">\n\t\t\t<div class=\"elementor-widget-wrap elementor-element-populated\">\n\t\t\t\t\t\t<div class=\"elementor-element elementor-element-d5b6bd5 elementor-widget elementor-widget-image\" data-id=\"d5b6bd5\" data-element_type=\"widget\" data-widget_type=\"image.default\">\n\t\t\t\t<div class=\"elementor-widget-container\">\n\t\t\t\t\t\t\t\t\t\t\t\t\t\t\t<img loading=\"lazy\" decoding=\"async\" width=\"300\" height=\"174\" src=\"https:\/\/roundbaltic.eu\/wp-content\/uploads\/2021\/04\/logotyp-PE-300x174.jpg\" class=\"attachment-medium size-medium wp-image-2512\" alt=\"\" srcset=\"https:\/\/roundbaltic.eu\/wp-content\/uploads\/2021\/04\/logotyp-PE-300x174.jpg 300w, https:\/\/roundbaltic.eu\/wp-content\/uploads\/2021\/04\/logotyp-PE-768x444.jpg 768w, https:\/\/roundbaltic.eu\/wp-content\/uploads\/2021\/04\/logotyp-PE.jpg 804w\" sizes=\"(max-width: 300px) 100vw, 300px\" \/>\t\t\t\t\t\t\t\t\t\t\t\t\t\t\t<\/div>\n\t\t\t\t<\/div>\n\t\t\t\t\t<\/div>\n\t\t<\/div>\n\t\t\t\t<div class=\"elementor-column elementor-col-33 elementor-top-column elementor-element elementor-element-41f0e90c\" data-id=\"41f0e90c\" data-element_type=\"column\">\n\t\t\t<div class=\"elementor-widget-wrap elementor-element-populated\">\n\t\t\t\t\t\t<div class=\"elementor-element elementor-element-423f83d6 elementor-widget elementor-widget-heading\" data-id=\"423f83d6\" data-element_type=\"widget\" data-widget_type=\"heading.default\">\n\t\t\t\t<div class=\"elementor-widget-container\">\n\t\t\t\t\t<h6 class=\"elementor-heading-title elementor-size-large\">RAPEiS<\/h6>\t\t\t\t<\/div>\n\t\t\t\t<\/div>\n\t\t\t\t\t<\/div>\n\t\t<\/div>\n\t\t\t\t\t<\/div>\n\t\t<\/section>\n\t\t\t\t<section class=\"elementor-section elementor-top-section elementor-element elementor-element-59b23ffc elementor-section-boxed elementor-section-height-default elementor-section-height-default\" data-id=\"59b23ffc\" data-element_type=\"section\">\n\t\t\t\t\t\t<div class=\"elementor-container elementor-column-gap-default\">\n\t\t\t\t\t<div class=\"elementor-column elementor-col-66 elementor-top-column elementor-element elementor-element-2f58f4f2\" data-id=\"2f58f4f2\" data-element_type=\"column\">\n\t\t\t<div class=\"elementor-widget-wrap elementor-element-populated\">\n\t\t\t\t\t\t<div class=\"elementor-element elementor-element-47f2bfb1 elementor-widget elementor-widget-text-editor\" data-id=\"47f2bfb1\" data-element_type=\"widget\" data-widget_type=\"text-editor.default\">\n\t\t\t\t<div class=\"elementor-widget-container\">\n\t\t\t\t\t\t\t\t\t<p>Istniejemy od\u00a0 1995 roku. Zostali\u015bmy zarejestrowani jako Stowarzyszenie. Zgodnie ze Statutem jeste\u015bmy dobrowolnym, samorz\u0105dnym zrzeszeniem producent\u00f3w, dystrybutor\u00f3w i odbiorc\u00f3w energii oraz producent\u00f3w urz\u0105dze\u0144, a tak\u017ce innych os\u00f3b zwi\u0105zanych z w\/w dzia\u0142alno\u015bci\u0105.<\/p><p>Obecnie Agencja liczy 17 cz\u0142onk\u00f3w wspieraj\u0105cych (osoby prawne) oraz 37 cz\u0142onk\u00f3w zwyczajnych (osoby fizyczne) .<\/p><p>\u00a0Agencja opiera swoj\u0105 dzia\u0142alno\u015b\u0107 na pracy spo\u0142ecznej og\u00f3\u0142u swoich cz\u0142onk\u00f3w. Zasadnicze znaczenie ma nawi\u0105zywanie kontakt\u00f3w i wymiana informacji oraz szukanie mo\u017cliwo\u015bci korzystnych form wsp\u00f3\u0142pracy.<\/p><p>G\u0142\u00f3wnym\u00a0 celem\u00a0 Agencji\u00a0 jest wspieranie dzia\u0142a\u0144 na rzecz poszanowania energii, ochrony \u015brodowiska i zr\u00f3wnowa\u017conego rozwoju, organizowanie wymiany do\u015bwiadcze\u0144 i wsp\u00f3\u0142pracy pomi\u0119dzy cz\u0142onkami Agencji, wsp\u00f3\u0142praca z instytucjami rz\u0105dowymi i samorz\u0105dowymi w zakresie tworzenia ram prawnych, organizacyjnych i finansowych na obszarze wojew\u00f3dztwa kujawsko-pomorskiego.<\/p><p>Cyklicznie organizujemy dla miasta Torunia Dni Energii, wykonujemy audyty energetyczne ,opiniujemy dokumenty strategiczne dla samorz\u0105d\u00f3w, przeprowadzamy ekspertyzy projekt\u00f3w z zakresu odnawialnych \u017ar\u00f3de\u0142 energii.<\/p><p>Wchodzimy w sk\u0142ad Zespo\u0142u ds. monitoringu, ewaluacji i aktualizacji Planu Adaptacji Miasta Torunia do zmian klimatu do roku 2030.<\/p><p>Jeste\u015bmy cz\u0142onkiem Og\u00f3lnokrajowego Stowarzyszenia \u201ePoszanowanie Energii i \u015arodowiska\u201d (SAPE-Polska).<\/p>\t\t\t\t\t\t\t\t<\/div>\n\t\t\t\t<\/div>\n\t\t\t\t\t<\/div>\n\t\t<\/div>\n\t\t\t\t<div class=\"elementor-column elementor-col-33 elementor-top-column elementor-element elementor-element-6ba92cab\" data-id=\"6ba92cab\" data-element_type=\"column\">\n\t\t\t<div class=\"elementor-widget-wrap elementor-element-populated\">\n\t\t\t\t\t\t<div class=\"elementor-element elementor-element-54f82ab elementor-widget elementor-widget-image\" data-id=\"54f82ab\" data-element_type=\"widget\" data-widget_type=\"image.default\">\n\t\t\t\t<div class=\"elementor-widget-container\">\n\t\t\t\t\t\t\t\t\t\t\t\t\t\t\t<img loading=\"lazy\" decoding=\"async\" width=\"1024\" height=\"673\" src=\"https:\/\/roundbaltic.eu\/wp-content\/uploads\/2021\/04\/shutterstock_155581556-1024x673.jpg\" class=\"attachment-large size-large wp-image-2476\" alt=\"\" srcset=\"https:\/\/roundbaltic.eu\/wp-content\/uploads\/2021\/04\/shutterstock_155581556-1024x673.jpg 1024w, https:\/\/roundbaltic.eu\/wp-content\/uploads\/2021\/04\/shutterstock_155581556-300x197.jpg 300w, https:\/\/roundbaltic.eu\/wp-content\/uploads\/2021\/04\/shutterstock_155581556-768x505.jpg 768w, https:\/\/roundbaltic.eu\/wp-content\/uploads\/2021\/04\/shutterstock_155581556-1536x1009.jpg 1536w, https:\/\/roundbaltic.eu\/wp-content\/uploads\/2021\/04\/shutterstock_155581556-2048x1346.jpg 2048w\" sizes=\"(max-width: 1024px) 100vw, 1024px\" \/>\t\t\t\t\t\t\t\t\t\t\t\t\t\t\t<\/div>\n\t\t\t\t<\/div>\n\t\t\t\t\t<\/div>\n\t\t<\/div>\n\t\t\t\t\t<\/div>\n\t\t<\/section>\n\t\t\t\t<\/div>\n\t\t","protected":false},"excerpt":{"rendered":"<p>Kujawsko-Pomorskie, Polska Wojew\u00f3dztwo kujawsko-pomorskie po\u0142o\u017cone jest w p\u00f3\u0142nocnej cz\u0119\u015bci centralnej Polski. Nale\u017cy do wojew\u00f3dztw \u015bredniej wielko\u015bci. Zajmuje obszar 17 972 km2 (5,7% powierzchni kraju), kt\u00f3ry zamieszkuje 2,07 mln os\u00f3b (5,4% ludno\u015bci kraju). Siedzib\u0105 w\u0142adz administracji rz\u0105dowej (wojewoda) jest Bydgoszcz, a samorz\u0105dowej (sejmik wojew\u00f3dztwa) Toru\u0144. Podzielone jest na 19 powiat\u00f3w i 4 miasta na prawach powiatu [&hellip;]<\/p>\n","protected":false},"author":2,"featured_media":0,"parent":3508,"menu_order":0,"comment_status":"closed","ping_status":"closed","template":"","meta":{"inline_featured_image":false,"footnotes":""},"class_list":["post-3313","page","type-page","status-publish","hentry"],"_links":{"self":[{"href":"https:\/\/roundbaltic.eu\/pl\/wp-json\/wp\/v2\/pages\/3313","targetHints":{"allow":["GET"]}}],"collection":[{"href":"https:\/\/roundbaltic.eu\/pl\/wp-json\/wp\/v2\/pages"}],"about":[{"href":"https:\/\/roundbaltic.eu\/pl\/wp-json\/wp\/v2\/types\/page"}],"author":[{"embeddable":true,"href":"https:\/\/roundbaltic.eu\/pl\/wp-json\/wp\/v2\/users\/2"}],"replies":[{"embeddable":true,"href":"https:\/\/roundbaltic.eu\/pl\/wp-json\/wp\/v2\/comments?post=3313"}],"version-history":[{"count":41,"href":"https:\/\/roundbaltic.eu\/pl\/wp-json\/wp\/v2\/pages\/3313\/revisions"}],"predecessor-version":[{"id":4635,"href":"https:\/\/roundbaltic.eu\/pl\/wp-json\/wp\/v2\/pages\/3313\/revisions\/4635"}],"up":[{"embeddable":true,"href":"https:\/\/roundbaltic.eu\/pl\/wp-json\/wp\/v2\/pages\/3508"}],"wp:attachment":[{"href":"https:\/\/roundbaltic.eu\/pl\/wp-json\/wp\/v2\/media?parent=3313"}],"curies":[{"name":"wp","href":"https:\/\/api.w.org\/{rel}","templated":true}]}}